{"id":2678,"date":"2025-04-24T10:32:22","date_gmt":"2025-04-24T10:32:22","guid":{"rendered":"http:\/\/95.217.188.178\/la-comtal\/?page_id=2678"},"modified":"2025-06-17T10:33:09","modified_gmt":"2025-06-17T10:33:09","slug":"testimonials","status":"publish","type":"page","link":"http:\/\/95.217.188.178\/la-comtal\/testimonials\/","title":{"rendered":"Testimonials"},"content":{"rendered":"\t\t<div data-elementor-type=\"wp-page\" data-elementor-id=\"2678\" class=\"elementor elementor-2678\" data-elementor-post-type=\"page\">\n\t\t\t\t<div class=\"elementor-element elementor-element-c71c54a container-section-mini back-cream e-con-full e-flex e-con e-parent\" data-id=\"c71c54a\" data-element_type=\"container\">\n\t\t<div class=\"elementor-element elementor-element-f8e3c6a container-section-mini e-flex e-con-boxed e-con e-child\" data-id=\"f8e3c6a\" data-element_type=\"container\">\n\t\t\t\t\t<div class=\"e-con-inner\">\n\t\t\t\t<div class=\"elementor-element elementor-element-35da033 elementor-widget elementor-widget-html\" data-id=\"35da033\" data-element_type=\"widget\" data-widget_type=\"html.default\">\n\t\t\t\t<div class=\"elementor-widget-container\">\n\t\t\t\t\t<div class=\"section-title text-center\">Testimonials<\/div>\n<div class=\"space-between-min\">&nbsp;<\/div>\n<div class=\"description-text p0-9\"> Ja s\u00f3n moltes les ve\u00efnes i entitatsdel barri que han confiat en nosaltres i el nostre servei de c\u00e0tering. <br\/>\nAqui podeu llegir algunes de les opinions!\n<div class=\"space-between-min\">&nbsp;<\/div>Fes el teu enc\u00e0rrec: <a href=\"tel:+34931180189\">931 180 189<\/a>\n\n    <\/div>\n\t\t\t\t<\/div>\n\t\t\t\t<\/div>\n\t\t\t\t\t<\/div>\n\t\t\t\t<\/div>\n\t\t\t\t<\/div>\n\t\t<div class=\"elementor-element elementor-element-aedb48c container-section-mini back-cream e-flex e-con-boxed e-con e-parent\" data-id=\"aedb48c\" data-element_type=\"container\">\n\t\t\t\t\t<div class=\"e-con-inner\">\n\t\t\t\t<div class=\"elementor-element elementor-element-0c5a659 elementor-widget-divider--view-line elementor-widget elementor-widget-divider\" data-id=\"0c5a659\" data-element_type=\"widget\" data-widget_type=\"divider.default\">\n\t\t\t\t<div class=\"elementor-widget-container\">\n\t\t\t\t\t\t\t<div class=\"elementor-divider\">\n\t\t\t<span class=\"elementor-divider-separator\">\n\t\t\t\t\t\t<\/span>\n\t\t<\/div>\n\t\t\t\t\t\t<\/div>\n\t\t\t\t<\/div>\n\t\t\t\t<div class=\"elementor-element elementor-element-4677e99 elementor-widget elementor-widget-html\" data-id=\"4677e99\" data-element_type=\"widget\" data-widget_type=\"html.default\">\n\t\t\t\t<div class=\"elementor-widget-container\">\n\t\t\t\t\t<div class=\"section-subtitle-small\">Entitats esportives<\/div>\t\t\t\t<\/div>\n\t\t\t\t<\/div>\n\t\t\t\t\t<\/div>\n\t\t\t\t<\/div>\n\t\t<div class=\"elementor-element elementor-element-73aeadc e-grid back-cream e-con-boxed e-con e-parent\" data-id=\"73aeadc\" data-element_type=\"container\">\n\t\t\t\t\t<div class=\"e-con-inner\">\n\t\t\t\t<div class=\"elementor-element elementor-element-db7ad4f elementor-widget elementor-widget-image\" data-id=\"db7ad4f\" data-element_type=\"widget\" data-widget_type=\"image.default\">\n\t\t\t\t<div class=\"elementor-widget-container\">\n\t\t\t\t\t\t\t\t\t\t\t\t\t\t\t<img decoding=\"async\" width=\"200\" height=\"200\" src=\"http:\/\/95.217.188.178\/la-comtal\/wp-content\/uploads\/2025\/06\/T_UESA.png\" class=\"attachment-medium size-medium wp-image-5642\" alt=\"\" srcset=\"http:\/\/95.217.188.178\/la-comtal\/wp-content\/uploads\/2025\/06\/T_UESA.png 200w, http:\/\/95.217.188.178\/la-comtal\/wp-content\/uploads\/2025\/06\/T_UESA-150x150.png 150w, http:\/\/95.217.188.178\/la-comtal\/wp-content\/uploads\/2025\/06\/T_UESA-100x100.png 100w\" sizes=\"(max-width: 200px) 100vw, 200px\" \/>\t\t\t\t\t\t\t\t\t\t\t\t\t\t\t<\/div>\n\t\t\t\t<\/div>\n\t\t\t\t<div class=\"elementor-element elementor-element-e90c4aa v-hidden no-mobile elementor-widget elementor-widget-image\" data-id=\"e90c4aa\" data-element_type=\"widget\" data-widget_type=\"image.default\">\n\t\t\t\t<div class=\"elementor-widget-container\">\n\t\t\t\t\t\t\t\t\t\t\t\t\t\t\t<img decoding=\"async\" width=\"200\" height=\"200\" src=\"http:\/\/95.217.188.178\/la-comtal\/wp-content\/uploads\/2025\/06\/T_UESA.png\" class=\"attachment-medium size-medium wp-image-5642\" alt=\"\" srcset=\"http:\/\/95.217.188.178\/la-comtal\/wp-content\/uploads\/2025\/06\/T_UESA.png 200w, http:\/\/95.217.188.178\/la-comtal\/wp-content\/uploads\/2025\/06\/T_UESA-150x150.png 150w, http:\/\/95.217.188.178\/la-comtal\/wp-content\/uploads\/2025\/06\/T_UESA-100x100.png 100w\" sizes=\"(max-width: 200px) 100vw, 200px\" \/>\t\t\t\t\t\t\t\t\t\t\t\t\t\t\t<\/div>\n\t\t\t\t<\/div>\n\t\t\t\t<div class=\"elementor-element elementor-element-e9a3917 v-hidden no-mobile elementor-widget elementor-widget-image\" data-id=\"e9a3917\" data-element_type=\"widget\" data-widget_type=\"image.default\">\n\t\t\t\t<div class=\"elementor-widget-container\">\n\t\t\t\t\t\t\t\t\t\t\t\t\t\t\t<img decoding=\"async\" width=\"200\" height=\"200\" src=\"http:\/\/95.217.188.178\/la-comtal\/wp-content\/uploads\/2025\/06\/T_UESA.png\" class=\"attachment-medium size-medium wp-image-5642\" alt=\"\" srcset=\"http:\/\/95.217.188.178\/la-comtal\/wp-content\/uploads\/2025\/06\/T_UESA.png 200w, http:\/\/95.217.188.178\/la-comtal\/wp-content\/uploads\/2025\/06\/T_UESA-150x150.png 150w, http:\/\/95.217.188.178\/la-comtal\/wp-content\/uploads\/2025\/06\/T_UESA-100x100.png 100w\" sizes=\"(max-width: 200px) 100vw, 200px\" \/>\t\t\t\t\t\t\t\t\t\t\t\t\t\t\t<\/div>\n\t\t\t\t<\/div>\n\t\t\t\t<div class=\"elementor-element elementor-element-a7f25a8 elementor-widget elementor-widget-text-editor\" data-id=\"a7f25a8\" data-element_type=\"widget\" data-widget_type=\"text-editor.default\">\n\t\t\t\t<div class=\"elementor-widget-container\">\n\t\t\t\t\t\t\t\t\t<div class=\"space-between-min\">\u00a0<\/div><div class=\"description-text-mini\"><p>\u201cEls p\u00edcnics de La Comtal pel viatge del play-off a Madrid van triomfar entre la nostra plantilla. Bona qualitat i bon servei. Repetirem sens dubte!\u201d<\/p><div class=\"space-between-min\">\u00a0<\/div><div class=\"description-text-mini-bold\">Manuel Camino<br \/>President de la Uni\u00f3 Esportiva Sant Andreu<\/div><\/div><div class=\"space-between-min\">\u00a0<\/div>\t\t\t\t\t\t\t\t<\/div>\n\t\t\t\t<\/div>\n\t\t\t\t\t<\/div>\n\t\t\t\t<\/div>\n\t\t<div class=\"elementor-element elementor-element-06a42ed container-section-mini back-cream e-flex e-con-boxed e-con e-parent\" data-id=\"06a42ed\" data-element_type=\"container\">\n\t\t\t\t\t<div class=\"e-con-inner\">\n\t\t\t\t<div class=\"elementor-element elementor-element-6e0a943 elementor-widget-divider--view-line elementor-widget elementor-widget-divider\" data-id=\"6e0a943\" data-element_type=\"widget\" data-widget_type=\"divider.default\">\n\t\t\t\t<div class=\"elementor-widget-container\">\n\t\t\t\t\t\t\t<div class=\"elementor-divider\">\n\t\t\t<span class=\"elementor-divider-separator\">\n\t\t\t\t\t\t<\/span>\n\t\t<\/div>\n\t\t\t\t\t\t<\/div>\n\t\t\t\t<\/div>\n\t\t\t\t<div class=\"elementor-element elementor-element-8f7315c elementor-widget elementor-widget-html\" data-id=\"8f7315c\" data-element_type=\"widget\" data-widget_type=\"html.default\">\n\t\t\t\t<div class=\"elementor-widget-container\">\n\t\t\t\t\t<div class=\"section-subtitle-small\">Entitats culturals\r\n<\/div>\t\t\t\t<\/div>\n\t\t\t\t<\/div>\n\t\t\t\t\t<\/div>\n\t\t\t\t<\/div>\n\t\t<div class=\"elementor-element elementor-element-284e3d9 e-grid back-cream e-con-boxed e-con e-parent\" data-id=\"284e3d9\" data-element_type=\"container\">\n\t\t\t\t\t<div class=\"e-con-inner\">\n\t\t\t\t<div class=\"elementor-element elementor-element-3a4c4f5 elementor-widget elementor-widget-image\" data-id=\"3a4c4f5\" data-element_type=\"widget\" data-widget_type=\"image.default\">\n\t\t\t\t<div class=\"elementor-widget-container\">\n\t\t\t\t\t\t\t\t\t\t\t\t\t\t\t<img fetchpriority=\"high\" decoding=\"async\" width=\"263\" height=\"300\" src=\"http:\/\/95.217.188.178\/la-comtal\/wp-content\/uploads\/2025\/06\/T_Trabucaires-263x300.png\" class=\"attachment-medium size-medium wp-image-5640\" alt=\"\" srcset=\"http:\/\/95.217.188.178\/la-comtal\/wp-content\/uploads\/2025\/06\/T_Trabucaires-263x300.png 263w, http:\/\/95.217.188.178\/la-comtal\/wp-content\/uploads\/2025\/06\/T_Trabucaires.png 370w\" sizes=\"(max-width: 263px) 100vw, 263px\" \/>\t\t\t\t\t\t\t\t\t\t\t\t\t\t\t<\/div>\n\t\t\t\t<\/div>\n\t\t\t\t<div class=\"elementor-element elementor-element-985fb24 elementor-widget elementor-widget-image\" data-id=\"985fb24\" data-element_type=\"widget\" data-widget_type=\"image.default\">\n\t\t\t\t<div class=\"elementor-widget-container\">\n\t\t\t\t\t\t\t\t\t\t\t\t\t\t\t<img decoding=\"async\" width=\"300\" height=\"232\" src=\"http:\/\/95.217.188.178\/la-comtal\/wp-content\/uploads\/2025\/06\/T_Casal-300x232.png\" class=\"attachment-medium size-medium wp-image-5634\" alt=\"\" srcset=\"http:\/\/95.217.188.178\/la-comtal\/wp-content\/uploads\/2025\/06\/T_Casal-300x232.png 300w, http:\/\/95.217.188.178\/la-comtal\/wp-content\/uploads\/2025\/06\/T_Casal.png 456w\" sizes=\"(max-width: 300px) 100vw, 300px\" \/>\t\t\t\t\t\t\t\t\t\t\t\t\t\t\t<\/div>\n\t\t\t\t<\/div>\n\t\t\t\t<div class=\"elementor-element elementor-element-6166dfc elementor-widget elementor-widget-image\" data-id=\"6166dfc\" data-element_type=\"widget\" data-widget_type=\"image.default\">\n\t\t\t\t<div class=\"elementor-widget-container\">\n\t\t\t\t\t\t\t\t\t\t\t\t\t\t\t<img loading=\"lazy\" decoding=\"async\" width=\"300\" height=\"89\" src=\"http:\/\/95.217.188.178\/la-comtal\/wp-content\/uploads\/2025\/06\/T_Esbart_M-300x89.png\" class=\"attachment-medium size-medium wp-image-5637\" alt=\"\" srcset=\"http:\/\/95.217.188.178\/la-comtal\/wp-content\/uploads\/2025\/06\/T_Esbart_M-300x89.png 300w, http:\/\/95.217.188.178\/la-comtal\/wp-content\/uploads\/2025\/06\/T_Esbart_M-600x178.png 600w, http:\/\/95.217.188.178\/la-comtal\/wp-content\/uploads\/2025\/06\/T_Esbart_M.png 683w\" sizes=\"(max-width: 300px) 100vw, 300px\" \/>\t\t\t\t\t\t\t\t\t\t\t\t\t\t\t<\/div>\n\t\t\t\t<\/div>\n\t\t\t\t<div class=\"elementor-element elementor-element-b1605c1 elementor-widget elementor-widget-text-editor\" data-id=\"b1605c1\" data-element_type=\"widget\" data-widget_type=\"text-editor.default\">\n\t\t\t\t<div class=\"elementor-widget-container\">\n\t\t\t\t\t\t\t\t\t<div class=\"description-text-mini\"><p>\u201cLa Germandat Andreuenca (secci\u00f3 Trabucaire) des de fa tres anys, al nostre acte de Segadors, el c\u00e0tering el serveix LA COMTAL i estem molt satisfets tant amb la qualitat com en el servei.<\/p><div class=\"space-between-min\">\u00a0<\/div><div class=\"description-text-mini-bold\">Ricard Pla &#8211;<br \/>Cap de colla de trabucaires<\/div><\/div><div class=\"space-between-min\">\u00a0<\/div>\t\t\t\t\t\t\t\t<\/div>\n\t\t\t\t<\/div>\n\t\t\t\t<div class=\"elementor-element elementor-element-5a93479 elementor-widget elementor-widget-text-editor\" data-id=\"5a93479\" data-element_type=\"widget\" data-widget_type=\"text-editor.default\">\n\t\t\t\t<div class=\"elementor-widget-container\">\n\t\t\t\t\t\t\t\t\t<div class=\"space-between-min\"><\/div>\n<div class=\"description-text-mini\">&#8220;Vam celebrar el dinar de fi de temporada de la secci\u00f3 fent el segon plat de la Comtal per 37 persones. La tria va ser mandonguilles amb s\u00edpia i pollastre. Molt contents de la qualitat i el servei. Tots vam quedar encantad\u00edssims!&#8221;\n<div class=\"space-between-min\">&nbsp;<\/div>\n<div class=\"description-text-mini-bold\">Dani Travesset &#8211; \nSecci\u00f3 Escacs Casal Cat\u00f2lic\n<\/div>\n<\/div>\n<div class=\"space-between-min\"><\/div>\t\t\t\t\t\t\t\t<\/div>\n\t\t\t\t<\/div>\n\t\t\t\t<div class=\"elementor-element elementor-element-31ca365 elementor-widget elementor-widget-text-editor\" data-id=\"31ca365\" data-element_type=\"widget\" data-widget_type=\"text-editor.default\">\n\t\t\t\t<div class=\"elementor-widget-container\">\n\t\t\t\t\t\t\t\t\t<div class=\"description-text-mini\"><p>&#8220;La Comtal, aposta segura en els nostres \u00e0pats col\u00b7lectius: pel seu tracte proper, el seu servei impecable i pels seus plats exquisits i saborosos.&#8221;<\/p><div class=\"space-between-min\">\u00a0<\/div><div class=\"description-text-mini-bold\">Rosa Padilla &#8211;<br \/>Esbart Maragall<\/div><\/div><div class=\"space-between-min\">\u00a0<\/div>\t\t\t\t\t\t\t\t<\/div>\n\t\t\t\t<\/div>\n\t\t\t\t\t<\/div>\n\t\t\t\t<\/div>\n\t\t<div class=\"elementor-element elementor-element-eee2478 container-section-mini  back-cream e-flex e-con-boxed e-con e-parent\" data-id=\"eee2478\" data-element_type=\"container\">\n\t\t\t\t\t<div class=\"e-con-inner\">\n\t\t\t\t<div class=\"elementor-element elementor-element-734c8dc elementor-widget-divider--view-line elementor-widget elementor-widget-divider\" data-id=\"734c8dc\" data-element_type=\"widget\" data-widget_type=\"divider.default\">\n\t\t\t\t<div class=\"elementor-widget-container\">\n\t\t\t\t\t\t\t<div class=\"elementor-divider\">\n\t\t\t<span class=\"elementor-divider-separator\">\n\t\t\t\t\t\t<\/span>\n\t\t<\/div>\n\t\t\t\t\t\t<\/div>\n\t\t\t\t<\/div>\n\t\t\t\t<div class=\"elementor-element elementor-element-b25f207 elementor-widget elementor-widget-html\" data-id=\"b25f207\" data-element_type=\"widget\" data-widget_type=\"html.default\">\n\t\t\t\t<div class=\"elementor-widget-container\">\n\t\t\t\t\t<div class=\"section-subtitle-small\">Centres educatius<\/div>\t\t\t\t<\/div>\n\t\t\t\t<\/div>\n\t\t\t\t\t<\/div>\n\t\t\t\t<\/div>\n\t\t<div class=\"elementor-element elementor-element-d9225be e-grid back-cream e-con-boxed e-con e-parent\" data-id=\"d9225be\" data-element_type=\"container\">\n\t\t\t\t\t<div class=\"e-con-inner\">\n\t\t\t\t<div class=\"elementor-element elementor-element-6f121e4 elementor-widget elementor-widget-image\" data-id=\"6f121e4\" data-element_type=\"widget\" data-widget_type=\"image.default\">\n\t\t\t\t<div class=\"elementor-widget-container\">\n\t\t\t\t\t\t\t\t\t\t\t\t\t\t\t<img loading=\"lazy\" decoding=\"async\" width=\"291\" height=\"300\" src=\"http:\/\/95.217.188.178\/la-comtal\/wp-content\/uploads\/2025\/06\/T_MartiPous-291x300.png\" class=\"attachment-medium size-medium wp-image-5638\" alt=\"\" srcset=\"http:\/\/95.217.188.178\/la-comtal\/wp-content\/uploads\/2025\/06\/T_MartiPous-291x300.png 291w, http:\/\/95.217.188.178\/la-comtal\/wp-content\/uploads\/2025\/06\/T_MartiPous.png 360w\" sizes=\"(max-width: 291px) 100vw, 291px\" \/>\t\t\t\t\t\t\t\t\t\t\t\t\t\t\t<\/div>\n\t\t\t\t<\/div>\n\t\t\t\t<div class=\"elementor-element elementor-element-b22b367 elementor-widget elementor-widget-image\" data-id=\"b22b367\" data-element_type=\"widget\" data-widget_type=\"image.default\">\n\t\t\t\t<div class=\"elementor-widget-container\">\n\t\t\t\t\t\t\t\t\t\t\t\t\t\t\t<img loading=\"lazy\" decoding=\"async\" width=\"300\" height=\"226\" src=\"http:\/\/95.217.188.178\/la-comtal\/wp-content\/uploads\/2025\/06\/T_TuroBlau-300x226.jpg\" class=\"attachment-medium size-medium wp-image-5641\" alt=\"\" srcset=\"http:\/\/95.217.188.178\/la-comtal\/wp-content\/uploads\/2025\/06\/T_TuroBlau-300x226.jpg 300w, http:\/\/95.217.188.178\/la-comtal\/wp-content\/uploads\/2025\/06\/T_TuroBlau-1024x771.jpg 1024w, http:\/\/95.217.188.178\/la-comtal\/wp-content\/uploads\/2025\/06\/T_TuroBlau-768x578.jpg 768w, http:\/\/95.217.188.178\/la-comtal\/wp-content\/uploads\/2025\/06\/T_TuroBlau-1536x1156.jpg 1536w, http:\/\/95.217.188.178\/la-comtal\/wp-content\/uploads\/2025\/06\/T_TuroBlau-2048x1542.jpg 2048w, http:\/\/95.217.188.178\/la-comtal\/wp-content\/uploads\/2025\/06\/T_TuroBlau-600x452.jpg 600w\" sizes=\"(max-width: 300px) 100vw, 300px\" \/>\t\t\t\t\t\t\t\t\t\t\t\t\t\t\t<\/div>\n\t\t\t\t<\/div>\n\t\t\t\t<div class=\"elementor-element elementor-element-b3c0986 elementor-widget elementor-widget-image\" data-id=\"b3c0986\" data-element_type=\"widget\" data-widget_type=\"image.default\">\n\t\t\t\t<div class=\"elementor-widget-container\">\n\t\t\t\t\t\t\t\t\t\t\t\t\t\t\t<img loading=\"lazy\" decoding=\"async\" width=\"254\" height=\"199\" src=\"http:\/\/95.217.188.178\/la-comtal\/wp-content\/uploads\/2025\/06\/T_Pegaso.png\" class=\"attachment-medium size-medium wp-image-5639\" alt=\"\" \/>\t\t\t\t\t\t\t\t\t\t\t\t\t\t\t<\/div>\n\t\t\t\t<\/div>\n\t\t\t\t<div class=\"elementor-element elementor-element-b1cfd69 elementor-widget elementor-widget-text-editor\" data-id=\"b1cfd69\" data-element_type=\"widget\" data-widget_type=\"text-editor.default\">\n\t\t\t\t<div class=\"elementor-widget-container\">\n\t\t\t\t\t\t\t\t\t<div class=\"space-between-min\"><\/div>\n<div class=\"description-text-mini\">\n\n&#8220;&#8221;Si vols fer un \u00e0pat com cal, has de comptar amb la Comtal! A l&#8217;institut hem fet diferents comandes i n&#8217;hem quedat molt satisfets, tant per la qualitat del menjar com per la log\u00edstica en el lliurament i servei&#8221;.&#8221;\n<div class=\"space-between-min\">&nbsp;<\/div>\n<div class=\"description-text-mini-bold\">Xavier Bou &#8211;\nDirector Institut Mart\u00ed Pous<\/div>\n<\/div>\n<div class=\"space-between-min\"><\/div>\t\t\t\t\t\t\t\t<\/div>\n\t\t\t\t<\/div>\n\t\t\t\t<div class=\"elementor-element elementor-element-fb5ad8e elementor-widget elementor-widget-text-editor\" data-id=\"fb5ad8e\" data-element_type=\"widget\" data-widget_type=\"text-editor.default\">\n\t\t\t\t<div class=\"elementor-widget-container\">\n\t\t\t\t\t\t\t\t\t<div class=\"description-text-mini\"><p>\u201cHem comptat amb La Comtal per al sopar de fam\u00edlies de l\u2019AFA del Tur\u00f3 Blau i nom\u00e9s podem dir coses bones. Des del primer moment ens ho van posar f\u00e0cil: atents, propers i amb molta predisposici\u00f3 per adaptar-se al que necessit\u00e0vem.<br \/>El menjar va agradar molt a tothom: ben preparat, sabor\u00f3s i servit amb molta cura. Per\u00f2 sobretot volem destacar la comoditat que ha suposat treballar amb ells \u2014han ent\u00e8s perfectament el tipus de trobada que organitz\u00e0vem i s\u2019hi han ajustat a la perfecci\u00f3, fent que tot flu\u00eds sense complicacions.<br \/>Gr\u00e0cies per fer-ho tan f\u00e0cil i tan bo! Sens dubte, repetir\u00edem amb vosaltres\u201d<\/p><div class=\"space-between-min\">\u00a0<\/div><div class=\"description-text-mini-bold\">Laura Caballero &#8211;<br \/>AFA TUR\u00d3 BLAU<\/div><\/div><div class=\"space-between-min\">\u00a0<\/div>\t\t\t\t\t\t\t\t<\/div>\n\t\t\t\t<\/div>\n\t\t\t\t<div class=\"elementor-element elementor-element-85036c9 elementor-widget elementor-widget-text-editor\" data-id=\"85036c9\" data-element_type=\"widget\" data-widget_type=\"text-editor.default\">\n\t\t\t\t<div class=\"elementor-widget-container\">\n\t\t\t\t\t\t\t\t\t<div class=\"description-text-mini\"><p>&#8220;La Comptal ens ha servit un c\u00e0tering que ha complert les nostres necessitats i expectatives: molt b\u00e9 tant de quantitat com de qualitat. I flexibles per adaptar-se a les peculiaritats d\u2019un creuer (amb capitana i tripulaci\u00f3 i viatgers) amb qu\u00e8 celebr\u00e0vem la Festa de Final de Curs de l\u2019escola CFA Pegaso. A m\u00e9s, les noies que s\u2019encarreguen del servei van ser ben agradables i eficients, les millosses hostesses per a The Love Boat que pod\u00edem imaginar. Esperem que us ho pass\u00e9ssiu b\u00e9 amb nosaltres! Moltes gr\u00e0cies i fins a la propera!&#8221;<\/p><div class=\"space-between-min\">\u00a0<\/div><div class=\"description-text-mini-bold\">Roser Peremiquel Cols<\/div><\/div><div class=\"space-between-min\">\u00a0<\/div>\t\t\t\t\t\t\t\t<\/div>\n\t\t\t\t<\/div>\n\t\t\t\t\t<\/div>\n\t\t\t\t<\/div>\n\t\t<div class=\"elementor-element elementor-element-3b0a218 container-section-mini back-cream e-flex e-con-boxed e-con e-parent\" data-id=\"3b0a218\" data-element_type=\"container\">\n\t\t\t\t\t<div class=\"e-con-inner\">\n\t\t\t\t<div class=\"elementor-element elementor-element-bc911c8 elementor-widget-divider--view-line elementor-widget elementor-widget-divider\" data-id=\"bc911c8\" data-element_type=\"widget\" data-widget_type=\"divider.default\">\n\t\t\t\t<div class=\"elementor-widget-container\">\n\t\t\t\t\t\t\t<div class=\"elementor-divider\">\n\t\t\t<span class=\"elementor-divider-separator\">\n\t\t\t\t\t\t<\/span>\n\t\t<\/div>\n\t\t\t\t\t\t<\/div>\n\t\t\t\t<\/div>\n\t\t\t\t<div class=\"elementor-element elementor-element-c71db08 elementor-widget elementor-widget-html\" data-id=\"c71db08\" data-element_type=\"widget\" data-widget_type=\"html.default\">\n\t\t\t\t<div class=\"elementor-widget-container\">\n\t\t\t\t\t<div class=\"section-subtitle-small\">Centres festivals\r\n<\/div>\t\t\t\t<\/div>\n\t\t\t\t<\/div>\n\t\t\t\t\t<\/div>\n\t\t\t\t<\/div>\n\t\t<div class=\"elementor-element elementor-element-bd0795c e-grid back-cream e-con-boxed e-con e-parent\" data-id=\"bd0795c\" data-element_type=\"container\">\n\t\t\t\t\t<div class=\"e-con-inner\">\n\t\t\t\t<div class=\"elementor-element elementor-element-8f1302c elementor-widget elementor-widget-image\" data-id=\"8f1302c\" data-element_type=\"widget\" data-widget_type=\"image.default\">\n\t\t\t\t<div class=\"elementor-widget-container\">\n\t\t\t\t\t\t\t\t\t\t\t\t\t\t\t<img loading=\"lazy\" decoding=\"async\" width=\"300\" height=\"300\" src=\"http:\/\/95.217.188.178\/la-comtal\/wp-content\/uploads\/2025\/06\/T_Dau-300x300.png\" class=\"attachment-medium size-medium wp-image-5636\" alt=\"\" srcset=\"http:\/\/95.217.188.178\/la-comtal\/wp-content\/uploads\/2025\/06\/T_Dau-300x300.png 300w, http:\/\/95.217.188.178\/la-comtal\/wp-content\/uploads\/2025\/06\/T_Dau-1024x1024.png 1024w, http:\/\/95.217.188.178\/la-comtal\/wp-content\/uploads\/2025\/06\/T_Dau-150x150.png 150w, http:\/\/95.217.188.178\/la-comtal\/wp-content\/uploads\/2025\/06\/T_Dau-768x768.png 768w, http:\/\/95.217.188.178\/la-comtal\/wp-content\/uploads\/2025\/06\/T_Dau-1536x1536.png 1536w, http:\/\/95.217.188.178\/la-comtal\/wp-content\/uploads\/2025\/06\/T_Dau-600x600.png 600w, http:\/\/95.217.188.178\/la-comtal\/wp-content\/uploads\/2025\/06\/T_Dau-100x100.png 100w, http:\/\/95.217.188.178\/la-comtal\/wp-content\/uploads\/2025\/06\/T_Dau.png 1771w\" sizes=\"(max-width: 300px) 100vw, 300px\" \/>\t\t\t\t\t\t\t\t\t\t\t\t\t\t\t<\/div>\n\t\t\t\t<\/div>\n\t\t\t\t<div class=\"elementor-element elementor-element-2a74e86 elementor-widget elementor-widget-image\" data-id=\"2a74e86\" data-element_type=\"widget\" data-widget_type=\"image.default\">\n\t\t\t\t<div class=\"elementor-widget-container\">\n\t\t\t\t\t\t\t\t\t\t\t\t\t\t\t<img loading=\"lazy\" decoding=\"async\" width=\"300\" height=\"45\" src=\"http:\/\/95.217.188.178\/la-comtal\/wp-content\/uploads\/2025\/06\/T_SJD-300x45.png\" class=\"attachment-medium size-medium wp-image-5844\" alt=\"\" srcset=\"http:\/\/95.217.188.178\/la-comtal\/wp-content\/uploads\/2025\/06\/T_SJD-300x45.png 300w, http:\/\/95.217.188.178\/la-comtal\/wp-content\/uploads\/2025\/06\/T_SJD-600x90.png 600w, http:\/\/95.217.188.178\/la-comtal\/wp-content\/uploads\/2025\/06\/T_SJD.png 748w\" sizes=\"(max-width: 300px) 100vw, 300px\" \/>\t\t\t\t\t\t\t\t\t\t\t\t\t\t\t<\/div>\n\t\t\t\t<\/div>\n\t\t\t\t<div class=\"elementor-element elementor-element-32491c3 v-hidden no-mobile elementor-widget elementor-widget-image\" data-id=\"32491c3\" data-element_type=\"widget\" data-widget_type=\"image.default\">\n\t\t\t\t<div class=\"elementor-widget-container\">\n\t\t\t\t\t\t\t\t\t\t\t\t\t\t\t<img loading=\"lazy\" decoding=\"async\" width=\"175\" height=\"134\" src=\"http:\/\/95.217.188.178\/la-comtal\/wp-content\/uploads\/2025\/04\/casal-independentista-e1748338665684.png\" class=\"attachment-full size-full wp-image-2984\" alt=\"\" \/>\t\t\t\t\t\t\t\t\t\t\t\t\t\t\t<\/div>\n\t\t\t\t<\/div>\n\t\t\t\t<div class=\"elementor-element elementor-element-b0a268d elementor-widget elementor-widget-text-editor\" data-id=\"b0a268d\" data-element_type=\"widget\" data-widget_type=\"text-editor.default\">\n\t\t\t\t<div class=\"elementor-widget-container\">\n\t\t\t\t\t\t\t\t\t<div class=\"description-text-mini\">\n\n\u201cDurant el mes de novembre Barcelona celebra el festival de jocs m\u00e9s important del pa\u00eds, Dau Barcelona. La nostra federaci\u00f3 presenta els jocs tradicionals provinents d\u2019arreu de Catalunya i a voltes de fora del pa\u00eds. Cada any anem a dinar a la Comtal, pel servei, per la qualitat del menjar. La comtal ja esdev\u00e9 el punt de trobada obligat de la nostra entitat.\u201d\n\n<div class=\"space-between-min\">&nbsp;<\/div>\n<div class=\"description-text-mini-bold\">V\u00edctor Baroja i Benlliure\n&#8211; President de la Federaci\u00f3 Catalana de Jocs, Esports i Deports Tradicionals\n<\/div>\n<\/div>\n<div class=\"space-between-min\"><\/div>\t\t\t\t\t\t\t\t<\/div>\n\t\t\t\t<\/div>\n\t\t\t\t<div class=\"elementor-element elementor-element-b459e66 elementor-widget elementor-widget-text-editor\" data-id=\"b459e66\" data-element_type=\"widget\" data-widget_type=\"text-editor.default\">\n\t\t\t\t<div class=\"elementor-widget-container\">\n\t\t\t\t\t\t\t\t\t<div class=\"description-text-mini\">\n&#8220;En les dues edicions del @festivalSacseig de les arts esc\u00e8niques per la transformaci\u00f3 social impulsat per l\u2019Obra Social Sant Joan de D\u00e9u, La Comtal ens va preparar per 300 persones un arr\u00f2s amb verdures bon\u00edssim pel dinar comunitari de la \u00faltima jornada del festival. En Ra\u00fal \u00e9s una persona propera, implicada en una causa solid\u00e0ria i molt facilitadora. Moltes gr\u00e0cies pel servei i tracte exquisits. Per repetir!&#8221;\n<div class=\"space-between-min\">&nbsp;<\/div>\n<div class=\"description-text-mini-bold\">Elisenda Harder &#8211;\nObra social Hospital Sant Joan de Deu\/Festival Sacceig\n<\/div>\n<\/div>\n<div class=\"space-between-min\"><\/div>\t\t\t\t\t\t\t\t<\/div>\n\t\t\t\t<\/div>\n\t\t\t\t<div class=\"elementor-element elementor-element-40cda00 v-hidden no-mobile elementor-widget elementor-widget-text-editor\" data-id=\"40cda00\" data-element_type=\"widget\" data-widget_type=\"text-editor.default\">\n\t\t\t\t<div class=\"elementor-widget-container\">\n\t\t\t\t\t\t\t\t\t<div class=\"space-between-min\">\u00a0<\/div><div class=\"description-text-mini\"><p>&#8220;Hem confiat en La Comtal per diverses trobades<br \/>del barri i sempre han estat a l&#8217;altura. Els seus plats<br \/>s\u00f3n bon\u00edssims, i s\u2019adapten perfectament a les<br \/>necessitats de cada ocasi\u00f3.<br \/>Un valor segur a Sant Andreu!&#8221;<\/p><div class=\"description-text-mini-bold\">Casal Independentista El noi Baliarda \u2013 <br \/>Marta Pujol, coordinadora<\/div><\/div><div class=\"space-between-min\">\u00a0<\/div>\t\t\t\t\t\t\t\t<\/div>\n\t\t\t\t<\/div>\n\t\t\t\t\t<\/div>\n\t\t\t\t<\/div>\n\t\t<div class=\"elementor-element elementor-element-5b3cd07 container-section-mini back-cream e-flex e-con-boxed e-con e-parent\" data-id=\"5b3cd07\" data-element_type=\"container\">\n\t\t\t\t\t<div class=\"e-con-inner\">\n\t\t\t\t<div class=\"elementor-element elementor-element-a7ebfd3 elementor-widget-divider--view-line elementor-widget elementor-widget-divider\" data-id=\"a7ebfd3\" data-element_type=\"widget\" data-widget_type=\"divider.default\">\n\t\t\t\t<div class=\"elementor-widget-container\">\n\t\t\t\t\t\t\t<div class=\"elementor-divider\">\n\t\t\t<span class=\"elementor-divider-separator\">\n\t\t\t\t\t\t<\/span>\n\t\t<\/div>\n\t\t\t\t\t\t<\/div>\n\t\t\t\t<\/div>\n\t\t\t\t<div class=\"elementor-element elementor-element-8ddc0c5 elementor-widget elementor-widget-html\" data-id=\"8ddc0c5\" data-element_type=\"widget\" data-widget_type=\"html.default\">\n\t\t\t\t<div class=\"elementor-widget-container\">\n\t\t\t\t\t<div class=\"section-subtitle-small\">Entitats tercer sector\r\n<\/div>\t\t\t\t<\/div>\n\t\t\t\t<\/div>\n\t\t\t\t\t<\/div>\n\t\t\t\t<\/div>\n\t\t<div class=\"elementor-element elementor-element-12ab1c8 e-grid back-cream e-con-boxed e-con e-parent\" data-id=\"12ab1c8\" data-element_type=\"container\">\n\t\t\t\t\t<div class=\"e-con-inner\">\n\t\t\t\t<div class=\"elementor-element elementor-element-fee6fa5 elementor-widget elementor-widget-image\" data-id=\"fee6fa5\" data-element_type=\"widget\" data-widget_type=\"image.default\">\n\t\t\t\t<div class=\"elementor-widget-container\">\n\t\t\t\t\t\t\t\t\t\t\t\t\t\t\t<img loading=\"lazy\" decoding=\"async\" width=\"300\" height=\"223\" src=\"http:\/\/95.217.188.178\/la-comtal\/wp-content\/uploads\/2025\/06\/T_FUNDACIOCEL-300x223.png\" class=\"attachment-medium size-medium wp-image-5843\" alt=\"\" srcset=\"http:\/\/95.217.188.178\/la-comtal\/wp-content\/uploads\/2025\/06\/T_FUNDACIOCEL-300x223.png 300w, http:\/\/95.217.188.178\/la-comtal\/wp-content\/uploads\/2025\/06\/T_FUNDACIOCEL.png 500w\" sizes=\"(max-width: 300px) 100vw, 300px\" \/>\t\t\t\t\t\t\t\t\t\t\t\t\t\t\t<\/div>\n\t\t\t\t<\/div>\n\t\t\t\t<div class=\"elementor-element elementor-element-0a97cdc elementor-widget elementor-widget-image\" data-id=\"0a97cdc\" data-element_type=\"widget\" data-widget_type=\"image.default\">\n\t\t\t\t<div class=\"elementor-widget-container\">\n\t\t\t\t\t\t\t\t\t\t\t\t\t\t\t<img loading=\"lazy\" decoding=\"async\" width=\"300\" height=\"71\" src=\"http:\/\/95.217.188.178\/la-comtal\/wp-content\/uploads\/2025\/06\/T_BancAliments-300x71.png\" class=\"attachment-medium size-medium wp-image-5643\" alt=\"\" srcset=\"http:\/\/95.217.188.178\/la-comtal\/wp-content\/uploads\/2025\/06\/T_BancAliments-300x71.png 300w, http:\/\/95.217.188.178\/la-comtal\/wp-content\/uploads\/2025\/06\/T_BancAliments-1024x242.png 1024w, http:\/\/95.217.188.178\/la-comtal\/wp-content\/uploads\/2025\/06\/T_BancAliments-768x181.png 768w, http:\/\/95.217.188.178\/la-comtal\/wp-content\/uploads\/2025\/06\/T_BancAliments-600x142.png 600w, http:\/\/95.217.188.178\/la-comtal\/wp-content\/uploads\/2025\/06\/T_BancAliments.png 1262w\" sizes=\"(max-width: 300px) 100vw, 300px\" \/>\t\t\t\t\t\t\t\t\t\t\t\t\t\t\t<\/div>\n\t\t\t\t<\/div>\n\t\t\t\t<div class=\"elementor-element elementor-element-b43609a elementor-widget elementor-widget-image\" data-id=\"b43609a\" data-element_type=\"widget\" data-widget_type=\"image.default\">\n\t\t\t\t<div class=\"elementor-widget-container\">\n\t\t\t\t\t\t\t\t\t\t\t\t\t\t\t<img decoding=\"async\" src=\"http:\/\/95.217.188.178\/la-comtal\/wp-content\/uploads\/elementor\/thumbs\/T_CercleSolidari-e1750156256270-r7fr6ycg0gtc7jcfs84a5dvfwxk7olq62jl47explc.png\" title=\"T_CercleSolidari\" alt=\"T_CercleSolidari\" loading=\"lazy\" \/>\t\t\t\t\t\t\t\t\t\t\t\t\t\t\t<\/div>\n\t\t\t\t<\/div>\n\t\t\t\t<div class=\"elementor-element elementor-element-ca40d7c elementor-widget elementor-widget-text-editor\" data-id=\"ca40d7c\" data-element_type=\"widget\" data-widget_type=\"text-editor.default\">\n\t\t\t\t<div class=\"elementor-widget-container\">\n\t\t\t\t\t\t\t\t\t<div class=\"description-text-mini\">&#8220;Per a la nostra festa de final de temporada, vol\u00edem<br \/>un c\u00e0tering que agrad\u00e9s tant a nens com a adults.<br \/>La Comtal ens va oferir una proposta variada i<br \/>deliciosa. Menjar bon\u00edssim i un servei impecable.<br \/>Molt recomanable!&#8221;<br \/><br \/><br \/><div class=\"description-text-mini-bold\">A.E. Jaume I \u2013 Roger Casanovas,<br \/>Cap d\u2019agrupament<\/div><\/div><div class=\"space-between-min\">\u00a0<\/div>\t\t\t\t\t\t\t\t<\/div>\n\t\t\t\t<\/div>\n\t\t\t\t<div class=\"elementor-element elementor-element-2614a5a elementor-widget elementor-widget-text-editor\" data-id=\"2614a5a\" data-element_type=\"widget\" data-widget_type=\"text-editor.default\">\n\t\t\t\t<div class=\"elementor-widget-container\">\n\t\t\t\t\t\t\t\t\t<div class=\"description-text-mini\">\n\n&#8220;Vull agra\u00efr molt molt a La Comtal la implicaci\u00f3 i col\u2022laboraci\u00f3 que en tingut en tot moment amb la nostra entitat contribuint a portar a terme la nostra tasca d&#8217;ajut a les persones en situaci\u00f3 de vulnerabilitat i risc d&#8217;exclusi\u00f3 social. Per tot plegat moltes gr\u00e0cies en nom de la nostra entitat i dels nostres usuaris.\u201d\n<div class=\"space-between-min\"><\/div>\n<div class=\"space-between-min\">&nbsp;<\/div>\n<div class=\"description-text-mini-bold\">Santi Masseda &#8211;\nCoordinador del DISA SANT ANDREU (Rebost d&#8217;Aliments de Sant Andreu)<\/div>\n<\/div>\n<div class=\"space-between-min\"><\/div>\t\t\t\t\t\t\t\t<\/div>\n\t\t\t\t<\/div>\n\t\t\t\t<div class=\"elementor-element elementor-element-c6757a9 elementor-widget elementor-widget-text-editor\" data-id=\"c6757a9\" data-element_type=\"widget\" data-widget_type=\"text-editor.default\">\n\t\t\t\t<div class=\"elementor-widget-container\">\n\t\t\t\t\t\t\t\t\t<div class=\"description-text-mini\">\n\n&#8220;&#8221; Agra\u00efts a La Comtal tan per cedir-nos el seu local per els nostres actes i assemblees com pel c\u00e0tering servit en el nostre acte de celebraci\u00f3 de 10 anys. Excel\u00b7lent servei i qualitat\u201d&#8221;\n<div class=\"space-between-min\"><\/div>\n<div class=\"space-between-min\">&nbsp;<\/div>\n<div class=\"description-text-mini-bold\">Merche Farr\u00e8 &#8211;\nPresidenta del Cercle Solidari<\/div>\n<\/div>\n<div class=\"space-between-min\"><\/div>\t\t\t\t\t\t\t\t<\/div>\n\t\t\t\t<\/div>\n\t\t\t\t\t<\/div>\n\t\t\t\t<\/div>\n\t\t<div class=\"elementor-element elementor-element-cdc4cbc back-cream e-flex e-con-boxed e-con e-parent\" data-id=\"cdc4cbc\" data-element_type=\"container\">\n\t\t\t\t\t<div class=\"e-con-inner\">\n\t\t\t\t<div class=\"elementor-element elementor-element-3369959 elementor-widget elementor-widget-spacer\" data-id=\"3369959\" data-element_type=\"widget\" data-widget_type=\"spacer.default\">\n\t\t\t\t<div class=\"elementor-widget-container\">\n\t\t\t\t\t\t\t<div class=\"elementor-spacer\">\n\t\t\t<div class=\"elementor-spacer-inner\"><\/div>\n\t\t<\/div>\n\t\t\t\t\t\t<\/div>\n\t\t\t\t<\/div>\n\t\t\t\t\t<\/div>\n\t\t\t\t<\/div>\n\t\t<div class=\"elementor-element elementor-element-7776617 e-con-full container-section-small e-flex e-con e-parent\" data-id=\"7776617\" data-element_type=\"container\" data-settings=\"{&quot;background_background&quot;:&quot;classic&quot;}\">\n\t\t\t\t<div class=\"elementor-element elementor-element-7af6ce5 elementor-widget elementor-widget-heading\" data-id=\"7af6ce5\" data-element_type=\"widget\" data-widget_type=\"heading.default\">\n\t\t\t\t<div class=\"elementor-widget-container\">\n\t\t\t\t\t<div class=\"elementor-heading-title elementor-size-default\"><div class=\"section-title text-center\">\n   Com funciona el servei?\n<\/div>\n<\/div>\t\t\t\t<\/div>\n\t\t\t\t<\/div>\n\t\t<div class=\"elementor-element elementor-element-291f98f e-grid e-con-full e-con e-child\" data-id=\"291f98f\" data-element_type=\"container\">\n\t\t<div class=\"elementor-element elementor-element-eafa445 e-con-full e-flex e-con e-child\" data-id=\"eafa445\" data-element_type=\"container\">\n\t\t\t\t<div class=\"elementor-element elementor-element-3c56bfe elementor-widget elementor-widget-image\" data-id=\"3c56bfe\" data-element_type=\"widget\" data-widget_type=\"image.default\">\n\t\t\t\t<div class=\"elementor-widget-container\">\n\t\t\t\t\t\t\t\t\t\t\t\t\t\t\t<img decoding=\"async\" src=\"http:\/\/95.217.188.178\/la-comtal\/wp-content\/uploads\/elementor\/thumbs\/telefon-r5si8s8pss4h0y8jpori2nmrat2v6uv7smify9qsqu.png\" title=\"telefon\" alt=\"telefon\" loading=\"lazy\" \/>\t\t\t\t\t\t\t\t\t\t\t\t\t\t\t<\/div>\n\t\t\t\t<\/div>\n\t\t\t\t<div class=\"elementor-element elementor-element-9be9e6a elementor-widget elementor-widget-text-editor\" data-id=\"9be9e6a\" data-element_type=\"widget\" data-widget_type=\"text-editor.default\">\n\t\t\t\t<div class=\"elementor-widget-container\">\n\t\t\t\t\t\t\t\t\t<div class=\"space-between-min\"><\/div>\n<div class=\"description-text-small text-center\">\n\n1. Contacta&#8217;ns per tel\u00e8fon\no correu electr\u00f2nic\nper consultar opcions\ni disponibilitat.\n\n<\/div>\n<div class=\"space-between-min\"><\/div>\t\t\t\t\t\t\t\t<\/div>\n\t\t\t\t<\/div>\n\t\t\t\t<\/div>\n\t\t<div class=\"elementor-element elementor-element-314fe88 e-con-full e-flex e-con e-child\" data-id=\"314fe88\" data-element_type=\"container\">\n\t\t\t\t<div class=\"elementor-element elementor-element-e51efa7 elementor-widget elementor-widget-image\" data-id=\"e51efa7\" data-element_type=\"widget\" data-widget_type=\"image.default\">\n\t\t\t\t<div class=\"elementor-widget-container\">\n\t\t\t\t\t\t\t\t\t\t\t\t\t\t\t<img decoding=\"async\" src=\"http:\/\/95.217.188.178\/la-comtal\/wp-content\/uploads\/elementor\/thumbs\/icona-casa-de-menjars-r5si8zrfbgerltxmhs0imlqg1w1swfp2hnqbshfnd2.png\" title=\"icona casa de menjars\" alt=\"icona casa de menjars\" loading=\"lazy\" \/>\t\t\t\t\t\t\t\t\t\t\t\t\t\t\t<\/div>\n\t\t\t\t<\/div>\n\t\t\t\t<div class=\"elementor-element elementor-element-6664f07 elementor-widget elementor-widget-text-editor\" data-id=\"6664f07\" data-element_type=\"widget\" data-widget_type=\"text-editor.default\">\n\t\t\t\t<div class=\"elementor-widget-container\">\n\t\t\t\t\t\t\t\t\t<div class=\"space-between-min\">\u00a0<\/div><div class=\"description-text-small\"><p>2. Tria el teu men\u00fa d\u2019entre <br \/>les nostres propostes o <br \/>demana opcions <br \/>personalitzades.<\/p><\/div><div class=\"space-between-min\">\u00a0<\/div>\t\t\t\t\t\t\t\t<\/div>\n\t\t\t\t<\/div>\n\t\t\t\t<\/div>\n\t\t<div class=\"elementor-element elementor-element-4215acb e-con-full e-flex e-con e-child\" data-id=\"4215acb\" data-element_type=\"container\">\n\t\t\t\t<div class=\"elementor-element elementor-element-176cd89 elementor-widget elementor-widget-image\" data-id=\"176cd89\" data-element_type=\"widget\" data-widget_type=\"image.default\">\n\t\t\t\t<div class=\"elementor-widget-container\">\n\t\t\t\t\t\t\t\t\t\t\t\t\t\t\t<img decoding=\"async\" src=\"http:\/\/95.217.188.178\/la-comtal\/wp-content\/uploads\/elementor\/thumbs\/calendari-r5si95egggmhjhpfkuga1kb7m7a06mbgifn8o57abq.png\" title=\"calendari\" alt=\"calendari\" loading=\"lazy\" \/>\t\t\t\t\t\t\t\t\t\t\t\t\t\t\t<\/div>\n\t\t\t\t<\/div>\n\t\t\t\t<div class=\"elementor-element elementor-element-2cf2b21 elementor-widget elementor-widget-text-editor\" data-id=\"2cf2b21\" data-element_type=\"widget\" data-widget_type=\"text-editor.default\">\n\t\t\t\t<div class=\"elementor-widget-container\">\n\t\t\t\t\t\t\t\t\t<div class=\"space-between-min\">\u00a0<\/div><div class=\"description-text-small\"><p>3. Fes la teva reserva amb<br \/>un m\u00ednim de 72 hores<br \/>d\u2019antelaci\u00f3.<\/p><\/div><div class=\"space-between-min\">\u00a0<\/div>\t\t\t\t\t\t\t\t<\/div>\n\t\t\t\t<\/div>\n\t\t\t\t<\/div>\n\t\t<div class=\"elementor-element elementor-element-61840d7 e-con-full e-flex e-con e-child\" data-id=\"61840d7\" data-element_type=\"container\">\n\t\t\t\t<div class=\"elementor-element elementor-element-22801a2 elementor-widget elementor-widget-image\" data-id=\"22801a2\" data-element_type=\"widget\" data-widget_type=\"image.default\">\n\t\t\t\t<div class=\"elementor-widget-container\">\n\t\t\t\t\t\t\t\t\t\t\t\t\t\t\t<img decoding=\"async\" src=\"http:\/\/95.217.188.178\/la-comtal\/wp-content\/uploads\/elementor\/thumbs\/camio-r5si9a3nemsx5jiltehew14il4mu93u472wo2j0bgm.png\" title=\"cami\u00f3\" alt=\"cami\u00f3\" loading=\"lazy\" \/>\t\t\t\t\t\t\t\t\t\t\t\t\t\t\t<\/div>\n\t\t\t\t<\/div>\n\t\t\t\t<div class=\"elementor-element elementor-element-78f5139 elementor-widget elementor-widget-text-editor\" data-id=\"78f5139\" data-element_type=\"widget\" data-widget_type=\"text-editor.default\">\n\t\t\t\t<div class=\"elementor-widget-container\">\n\t\t\t\t\t\t\t\t\t<div class=\"space-between-min\">\u00a0<\/div><div class=\"description-text-small\"><p>4. Entrega o recollida:<br \/>Et portem el menjar al lloc<br \/>de l\u2019esdeveniment o pots<br \/>recollir-lo a la nostra botiga.<\/p><\/div><div class=\"space-between-min\">\u00a0<\/div>\t\t\t\t\t\t\t\t<\/div>\n\t\t\t\t<\/div>\n\t\t\t\t<\/div>\n\t\t\t\t<\/div>\n\t\t\t\t<\/div>\n\t\t<div class=\"elementor-element elementor-element-973aadc e-con-full m-0 p-0 e-flex e-con e-parent\" data-id=\"973aadc\" data-element_type=\"container\">\n\t\t\t\t<div class=\"elementor-element elementor-element-9c36f86 elementor-widget elementor-widget-template\" data-id=\"9c36f86\" data-element_type=\"widget\" data-widget_type=\"template.default\">\n\t\t\t\t<div class=\"elementor-widget-container\">\n\t\t\t\t\t\t\t<div class=\"elementor-template\">\n\t\t\t\t\t<div data-elementor-type=\"container\" data-elementor-id=\"2615\" class=\"elementor elementor-2615\" data-elementor-post-type=\"elementor_library\">\n\t\t\t\t<div class=\"elementor-element elementor-element-9d725ce e-con-full container-section-small e-flex e-con e-parent\" data-id=\"9d725ce\" data-element_type=\"container\" data-settings=\"{&quot;background_background&quot;:&quot;classic&quot;}\">\n\t\t<div class=\"elementor-element elementor-element-8700379 e-flex e-con-boxed e-con e-child\" data-id=\"8700379\" data-element_type=\"container\">\n\t\t\t\t\t<div class=\"e-con-inner\">\n\t\t\t\t<div class=\"elementor-element elementor-element-a86ec3c elementor-widget elementor-widget-heading\" data-id=\"a86ec3c\" data-element_type=\"widget\" data-widget_type=\"heading.default\">\n\t\t\t\t<div class=\"elementor-widget-container\">\n\t\t\t\t\t<div class=\"elementor-heading-title elementor-size-default\"><div class=\"section-title text-center\">Contacta<\/div><\/div>\t\t\t\t<\/div>\n\t\t\t\t<\/div>\n\t\t\t\t<div class=\"elementor-element elementor-element-3fb16d5 elementor-widget elementor-widget-html\" data-id=\"3fb16d5\" data-element_type=\"widget\" data-widget_type=\"html.default\">\n\t\t\t\t<div class=\"elementor-widget-container\">\n\t\t\t\t\t<div class=\"space-between-min\"><\/div>\n<div class=\"description-text text-center\">Us animem a que sempre que ho vulgueu us poseu en contacte amb nosaltres per\n    fer-nos arribar\n    els vostres suggeriments, comentaris i propostes. Si voleu encarregar alg\u00fan plat o c\u00e0tering us podeu posar en\n    contacte\n    amb nosaltres mitjan\u00e7ant el tel\u00e8fon: <a href=\"tel:931180189\">931 180 189<\/a>, o omplint el formulari\n    <div class=\"space-between-min\"><\/div><\/div>\n    <div class=\"text-center\">\n        <button class=\"button-standard\"><a href=\"contacte\/\">Contacta'ns<\/a><\/button>\n    <\/div>\n\t\t\t\t<\/div>\n\t\t\t\t<\/div>\n\t\t\t\t\t<\/div>\n\t\t\t\t<\/div>\n\t\t\t\t<\/div>\n\t\t\t\t<\/div>\n\t\t\t\t<\/div>\n\t\t\t\t\t\t<\/div>\n\t\t\t\t<\/div>\n\t\t\t\t<\/div>\n\t\t\t\t<\/div>\n\t\t","protected":false},"excerpt":{"rendered":"<p>Testimonials &nbsp; Ja s\u00f3n moltes les ve\u00efnes i entitatsdel barri que han confiat en nosaltres i el nostre servei de c\u00e0tering. Aqui podeu llegir algunes de les opinions! &nbsp;Fes el teu enc\u00e0rrec: 931 180 189 Entitats esportives \u00a0 \u201cEls p\u00edcnics de La Comtal pel viatge del play-off a Madrid van triomfar entre la nostra plantilla. [&hellip;]<\/p>\n","protected":false},"author":1,"featured_media":0,"parent":0,"menu_order":0,"comment_status":"closed","ping_status":"closed","template":"elementor_header_footer","meta":{"_acf_changed":false,"footnotes":""},"class_list":["post-2678","page","type-page","status-publish","hentry"],"acf":[],"_links":{"self":[{"href":"http:\/\/95.217.188.178\/la-comtal\/wp-json\/wp\/v2\/pages\/2678","targetHints":{"allow":["GET"]}}],"collection":[{"href":"http:\/\/95.217.188.178\/la-comtal\/wp-json\/wp\/v2\/pages"}],"about":[{"href":"http:\/\/95.217.188.178\/la-comtal\/wp-json\/wp\/v2\/types\/page"}],"author":[{"embeddable":true,"href":"http:\/\/95.217.188.178\/la-comtal\/wp-json\/wp\/v2\/users\/1"}],"replies":[{"embeddable":true,"href":"http:\/\/95.217.188.178\/la-comtal\/wp-json\/wp\/v2\/comments?post=2678"}],"version-history":[{"count":748,"href":"http:\/\/95.217.188.178\/la-comtal\/wp-json\/wp\/v2\/pages\/2678\/revisions"}],"predecessor-version":[{"id":5898,"href":"http:\/\/95.217.188.178\/la-comtal\/wp-json\/wp\/v2\/pages\/2678\/revisions\/5898"}],"wp:attachment":[{"href":"http:\/\/95.217.188.178\/la-comtal\/wp-json\/wp\/v2\/media?parent=2678"}],"curies":[{"name":"wp","href":"https:\/\/api.w.org\/{rel}","templated":true}]}}