{"id":2676,"date":"2025-04-24T10:32:06","date_gmt":"2025-04-24T10:32:06","guid":{"rendered":"http:\/\/95.217.188.178\/la-comtal\/?page_id=2676"},"modified":"2025-06-02T10:57:19","modified_gmt":"2025-06-02T10:57:19","slug":"del-poble","status":"publish","type":"page","link":"http:\/\/95.217.188.178\/la-comtal\/del-poble\/","title":{"rendered":"Del poble"},"content":{"rendered":"\t\t<div data-elementor-type=\"wp-page\" data-elementor-id=\"2676\" class=\"elementor elementor-2676\" data-elementor-post-type=\"page\">\n\t\t\t\t<div class=\"elementor-element elementor-element-6e2b09b e-con-full container-section-big back-dark-grey e-flex e-con e-parent\" data-id=\"6e2b09b\" data-element_type=\"container\" data-settings=\"{&quot;background_background&quot;:&quot;slideshow&quot;,&quot;background_slideshow_gallery&quot;:[{&quot;id&quot;:3278,&quot;url&quot;:&quot;http:\\\/\\\/95.217.188.178\\\/la-comtal\\\/wp-content\\\/uploads\\\/2025\\\/05\\\/imatge-sant-andreu.png&quot;}],&quot;background_slideshow_slide_duration&quot;:5000,&quot;background_slideshow_slide_transition&quot;:&quot;fade&quot;,&quot;background_slideshow_transition_duration&quot;:500}\">\n\t\t<div class=\"elementor-element elementor-element-78d2594 e-flex e-con-boxed e-con e-child\" data-id=\"78d2594\" data-element_type=\"container\">\n\t\t\t\t\t<div class=\"e-con-inner\">\n\t\t\t\t<div class=\"elementor-element elementor-element-ea9a186 elementor-widget elementor-widget-image\" data-id=\"ea9a186\" data-element_type=\"widget\" data-widget_type=\"image.default\">\n\t\t\t\t<div class=\"elementor-widget-container\">\n\t\t\t\t\t\t\t\t\t\t\t\t\t\t\t<img decoding=\"async\" src=\"http:\/\/95.217.188.178\/portell\/wp-content\/uploads\/2025\/03\/home-nosaltres.png\" title=\"\" alt=\"\" loading=\"lazy\" \/>\t\t\t\t\t\t\t\t\t\t\t\t\t\t\t<\/div>\n\t\t\t\t<\/div>\n\t\t\t\t\t<\/div>\n\t\t\t\t<\/div>\n\t\t\t\t<\/div>\n\t\t<div class=\"elementor-element elementor-element-999e68f container-section-small e-con-full e-flex e-con e-parent\" data-id=\"999e68f\" data-element_type=\"container\" data-settings=\"{&quot;background_background&quot;:&quot;classic&quot;}\">\n\t\t\t\t<div class=\"elementor-element elementor-element-9b49f4c elementor-widget elementor-widget-heading\" data-id=\"9b49f4c\" data-element_type=\"widget\" data-widget_type=\"heading.default\">\n\t\t\t\t<div class=\"elementor-widget-container\">\n\t\t\t\t\t<div class=\"elementor-heading-title elementor-size-default\"><div class=\"section-title\">\n  Del Poble!\n<\/div>\n<\/div>\t\t\t\t<\/div>\n\t\t\t\t<\/div>\n\t\t\t\t<div class=\"elementor-element elementor-element-555459d elementor-widget elementor-widget-html\" data-id=\"555459d\" data-element_type=\"widget\" data-widget_type=\"html.default\">\n\t\t\t\t<div class=\"elementor-widget-container\">\n\t\t\t\t\t<div class=\"description-text p0-9\"> \u00c9s el nostre primer i principal objectiu, oferir-vos menjar de qualitat, menjar per\n    gaudir menjant, menjar bo de veritat! A la Comtal\n    cuidem cada plat, cada recepta, perqu\u00e8 sigui un plaer. Per aix\u00f2, us animem a que sempre que ho vulgueu us poseu en\n    contacte amb\n    nosaltres per fer-nos arribar els vostres suggeriments, comentaris i propostes.\n<\/div>\n<div class=\"space-between-min\">&nbsp;<\/div>\n<div class=\"description-text p0-9\">\n    Incorporem a la nostra oferta plats m\u00e9s lleugers i saludables, incloent opcions veganes i vegetarianes. Tamb\u00e9\n    trobareu en tots els\n    nostres plats la informaci\u00f3 necess\u00e0ria relativa a al\u00b7l\u00e8rgies i intoler\u00e0ncies perqu\u00e8 pugueu gaudir del menjar amb\n    tota tranquil\u00b7litat.\n<\/div>\n<div class=\"space-between-min\">&nbsp;<\/div>\t\t\t\t<\/div>\n\t\t\t\t<\/div>\n\t\t<div class=\"elementor-element elementor-element-de69cbe e-flex e-con-boxed e-con e-child\" data-id=\"de69cbe\" data-element_type=\"container\">\n\t\t\t\t\t<div class=\"e-con-inner\">\n\t\t\t\t<div class=\"elementor-element elementor-element-3292ab1 elementor-widget elementor-widget-image\" data-id=\"3292ab1\" data-element_type=\"widget\" data-widget_type=\"image.default\">\n\t\t\t\t<div class=\"elementor-widget-container\">\n\t\t\t\t\t\t\t\t\t\t\t\t\t\t\t<img fetchpriority=\"high\" decoding=\"async\" width=\"1536\" height=\"859\" src=\"http:\/\/95.217.188.178\/la-comtal\/wp-content\/uploads\/2025\/05\/imatge-sant-andreu-1536x859.png\" class=\"attachment-1536x1536 size-1536x1536 wp-image-3278\" alt=\"\" srcset=\"http:\/\/95.217.188.178\/la-comtal\/wp-content\/uploads\/2025\/05\/imatge-sant-andreu-1536x859.png 1536w, http:\/\/95.217.188.178\/la-comtal\/wp-content\/uploads\/2025\/05\/imatge-sant-andreu-300x168.png 300w, http:\/\/95.217.188.178\/la-comtal\/wp-content\/uploads\/2025\/05\/imatge-sant-andreu-1024x573.png 1024w, http:\/\/95.217.188.178\/la-comtal\/wp-content\/uploads\/2025\/05\/imatge-sant-andreu-768x429.png 768w, http:\/\/95.217.188.178\/la-comtal\/wp-content\/uploads\/2025\/05\/imatge-sant-andreu-600x335.png 600w, http:\/\/95.217.188.178\/la-comtal\/wp-content\/uploads\/2025\/05\/imatge-sant-andreu.png 1919w\" sizes=\"(max-width: 1536px) 100vw, 1536px\" \/>\t\t\t\t\t\t\t\t\t\t\t\t\t\t\t<\/div>\n\t\t\t\t<\/div>\n\t\t\t\t\t<\/div>\n\t\t\t\t<\/div>\n\t\t\t\t<\/div>\n\t\t<div class=\"elementor-element elementor-element-2a64e00 p-0 m-0 e-con-full e-flex e-con e-parent\" data-id=\"2a64e00\" data-element_type=\"container\" data-settings=\"{&quot;background_background&quot;:&quot;classic&quot;}\">\n\t\t\t\t<div class=\"elementor-element elementor-element-4cd09bb elementor-widget elementor-widget-template\" data-id=\"4cd09bb\" data-element_type=\"widget\" data-widget_type=\"template.default\">\n\t\t\t\t<div class=\"elementor-widget-container\">\n\t\t\t\t\t\t\t<div class=\"elementor-template\">\n\t\t\t\t\t<div data-elementor-type=\"container\" data-elementor-id=\"2615\" class=\"elementor elementor-2615\" data-elementor-post-type=\"elementor_library\">\n\t\t\t\t<div class=\"elementor-element elementor-element-9d725ce e-con-full container-section-small e-flex e-con e-parent\" data-id=\"9d725ce\" data-element_type=\"container\" data-settings=\"{&quot;background_background&quot;:&quot;classic&quot;}\">\n\t\t<div class=\"elementor-element elementor-element-8700379 e-flex e-con-boxed e-con e-child\" data-id=\"8700379\" data-element_type=\"container\">\n\t\t\t\t\t<div class=\"e-con-inner\">\n\t\t\t\t<div class=\"elementor-element elementor-element-a86ec3c elementor-widget elementor-widget-heading\" data-id=\"a86ec3c\" data-element_type=\"widget\" data-widget_type=\"heading.default\">\n\t\t\t\t<div class=\"elementor-widget-container\">\n\t\t\t\t\t<div class=\"elementor-heading-title elementor-size-default\"><div class=\"section-title text-center\">Contacta<\/div><\/div>\t\t\t\t<\/div>\n\t\t\t\t<\/div>\n\t\t\t\t<div class=\"elementor-element elementor-element-3fb16d5 elementor-widget elementor-widget-html\" data-id=\"3fb16d5\" data-element_type=\"widget\" data-widget_type=\"html.default\">\n\t\t\t\t<div class=\"elementor-widget-container\">\n\t\t\t\t\t<div class=\"space-between-min\"><\/div>\n<div class=\"description-text text-center\">Us animem a que sempre que ho vulgueu us poseu en contacte amb nosaltres per\n    fer-nos arribar\n    els vostres suggeriments, comentaris i propostes. Si voleu encarregar alg\u00fan plat o c\u00e0tering us podeu posar en\n    contacte\n    amb nosaltres mitjan\u00e7ant el tel\u00e8fon: <a href=\"tel:931180189\">931 180 189<\/a>, o omplint el formulari\n    <div class=\"space-between-min\"><\/div><\/div>\n    <div class=\"text-center\">\n        <button class=\"button-standard\"><a href=\"contacte\/\">Contacta'ns<\/a><\/button>\n    <\/div>\n\t\t\t\t<\/div>\n\t\t\t\t<\/div>\n\t\t\t\t\t<\/div>\n\t\t\t\t<\/div>\n\t\t\t\t<\/div>\n\t\t\t\t<\/div>\n\t\t\t\t<\/div>\n\t\t\t\t\t\t<\/div>\n\t\t\t\t<\/div>\n\t\t\t\t<\/div>\n\t\t\t\t<\/div>\n\t\t","protected":false},"excerpt":{"rendered":"<p>Del Poble! \u00c9s el nostre primer i principal objectiu, oferir-vos menjar de qualitat, menjar per gaudir menjant, menjar bo de veritat! A la Comtal cuidem cada plat, cada recepta, perqu\u00e8 sigui un plaer. Per aix\u00f2, us animem a que sempre que ho vulgueu us poseu en contacte amb nosaltres per fer-nos arribar els vostres suggeriments, [&hellip;]<\/p>\n","protected":false},"author":1,"featured_media":0,"parent":0,"menu_order":0,"comment_status":"closed","ping_status":"closed","template":"elementor_header_footer","meta":{"_acf_changed":false,"footnotes":""},"class_list":["post-2676","page","type-page","status-publish","hentry"],"acf":[],"_links":{"self":[{"href":"http:\/\/95.217.188.178\/la-comtal\/wp-json\/wp\/v2\/pages\/2676","targetHints":{"allow":["GET"]}}],"collection":[{"href":"http:\/\/95.217.188.178\/la-comtal\/wp-json\/wp\/v2\/pages"}],"about":[{"href":"http:\/\/95.217.188.178\/la-comtal\/wp-json\/wp\/v2\/types\/page"}],"author":[{"embeddable":true,"href":"http:\/\/95.217.188.178\/la-comtal\/wp-json\/wp\/v2\/users\/1"}],"replies":[{"embeddable":true,"href":"http:\/\/95.217.188.178\/la-comtal\/wp-json\/wp\/v2\/comments?post=2676"}],"version-history":[{"count":67,"href":"http:\/\/95.217.188.178\/la-comtal\/wp-json\/wp\/v2\/pages\/2676\/revisions"}],"predecessor-version":[{"id":5187,"href":"http:\/\/95.217.188.178\/la-comtal\/wp-json\/wp\/v2\/pages\/2676\/revisions\/5187"}],"wp:attachment":[{"href":"http:\/\/95.217.188.178\/la-comtal\/wp-json\/wp\/v2\/media?parent=2676"}],"curies":[{"name":"wp","href":"https:\/\/api.w.org\/{rel}","templated":true}]}}