{"id":13,"date":"2025-03-03T09:46:12","date_gmt":"2025-03-03T09:46:12","guid":{"rendered":"http:\/\/95.217.188.178\/portell\/?page_id=13"},"modified":"2025-06-17T09:00:14","modified_gmt":"2025-06-17T09:00:14","slug":"home","status":"publish","type":"page","link":"http:\/\/95.217.188.178\/la-comtal\/","title":{"rendered":"Inici"},"content":{"rendered":"\t\t<div data-elementor-type=\"wp-page\" data-elementor-id=\"13\" class=\"elementor elementor-13\" data-elementor-post-type=\"page\">\n\t\t\t\t<div class=\"elementor-element elementor-element-537c42a e-con-full main-image-home e-flex e-con e-parent\" data-id=\"537c42a\" data-element_type=\"container\" data-settings=\"{&quot;background_background&quot;:&quot;slideshow&quot;,&quot;background_slideshow_gallery&quot;:[{&quot;id&quot;:2791,&quot;url&quot;:&quot;http:\\\/\\\/95.217.188.178\\\/la-comtal\\\/wp-content\\\/uploads\\\/2025\\\/04\\\/portada-la-comtal-calida.png&quot;}],&quot;background_slideshow_slide_duration&quot;:5000,&quot;background_slideshow_slide_transition&quot;:&quot;fade&quot;,&quot;background_slideshow_transition_duration&quot;:500}\">\n\t\t\t\t<div class=\"elementor-element elementor-element-b3ff29f elementor-widget elementor-widget-text-editor\" data-id=\"b3ff29f\" data-element_type=\"widget\" data-widget_type=\"text-editor.default\">\n\t\t\t\t<div class=\"elementor-widget-container\">\n\t\t\t\t\t\t\t\t\t<div class=\"section-title text-center\"><a href=\"tel:931180189\">931 180 189<\/a><\/div>\t\t\t\t\t\t\t\t<\/div>\n\t\t\t\t<\/div>\n\t\t\t\t<\/div>\n\t\t<div class=\"elementor-element elementor-element-6e2b09b e-con-full container-section-small back-cream e-flex e-con e-parent\" data-id=\"6e2b09b\" data-element_type=\"container\" data-settings=\"{&quot;background_background&quot;:&quot;classic&quot;}\">\n\t\t<div class=\"elementor-element elementor-element-4e014eb e-flex e-con-boxed e-con e-child\" data-id=\"4e014eb\" data-element_type=\"container\">\n\t\t\t\t\t<div class=\"e-con-inner\">\n\t\t\t\t<div class=\"elementor-element elementor-element-555459d elementor-widget elementor-widget-html\" data-id=\"555459d\" data-element_type=\"widget\" data-widget_type=\"html.default\">\n\t\t\t\t<div class=\"elementor-widget-container\">\n\t\t\t\t\t<div class=\"section-title text-center\">Menjar bo... BO!<\/div>\n<div class=\"space-between-min\">&nbsp;<\/div>\n<div class=\"description-text\">Menjar bo... BO!\n \u00c9s el nostre primer i principal objectiu, oferir-vos menjar de qualitat, menjar per gaudir menjant, menjar bo i saludable de veritat! \nA la Comtal cuidem cada plat, cada recepta, perqu\u00e8 sigui un plaer. Per aix\u00f2, us animem a que sempre que ho vulgueu us poseu \nen contacte amb nosaltres per fer-nos arribar els vostres suggeriments, comentaris i propostes.<\/div>\n    <div class=\"space-between-min\">&nbsp;<\/div>\n    \n<div class=\"text-center\">\n<button class=\"button-standard\"><a href=\"la-cooperativa\/\">Saber-ne m\u00e9s<\/a><\/button>\n<\/div>\n\t\t\t\t<\/div>\n\t\t\t\t<\/div>\n\t\t\t\t\t<\/div>\n\t\t\t\t<\/div>\n\t\t\t\t<\/div>\n\t\t<div class=\"elementor-element elementor-element-f6aeda2 e-con-full container-section-small  e-flex e-con e-parent\" data-id=\"f6aeda2\" data-element_type=\"container\" data-settings=\"{&quot;background_background&quot;:&quot;classic&quot;}\">\n\t\t<div class=\"elementor-element elementor-element-37cb68c e-flex e-con-boxed e-con e-child\" data-id=\"37cb68c\" data-element_type=\"container\">\n\t\t\t\t\t<div class=\"e-con-inner\">\n\t\t<div class=\"elementor-element elementor-element-a898172 e-con-full e-flex e-con e-child\" data-id=\"a898172\" data-element_type=\"container\">\n\t\t\t\t<div class=\"elementor-element elementor-element-4ed478d container-squares container-squares-2 elementor-widget elementor-widget-html\" data-id=\"4ed478d\" data-element_type=\"widget\" data-widget_type=\"html.default\">\n\t\t\t\t<div class=\"elementor-widget-container\">\n\t\t\t\t\t<div class=\"border-square\">\n<div class=\"section-title-small text-center\">Casa de menjars<\/div>\n<div class=\"space-between-min\">&nbsp;<\/div>\n<div class=\"description-text\">Entre setmana trobareu les nostres grans amanides\npensades com a plat \u00fanic per menjar sa i equilibrat.\nProveu alguna de les nostres sugger\u00e8ncies o combina\nels ingredients com m\u00e9s t\u2019agradi.\nA m\u00e9s tamb\u00e9 trobareu cada dia pasta fresca per\ncombinar amb un assortiment de salses, verdura al\nvapor, peix a la planxa i una selecci\u00f3 dels plats m\u00e9s\ntradicionals amb un toc especial. <div class=\"space-between-min\">&nbsp;<\/div>\nI els caps de setmana l'oferta completa\ni d'altres sorpreses!<\/div>\n    <div class=\"space-between-min\">&nbsp;<\/div>\n    \n<div class=\"no-tablet no-desktop no-hdd text-center\">\n<button class=\"button-standard\"><a href=\"casa-de-menjars\/\">Descobreix m\u00e9s<\/a><\/button>\n<\/div>\n\n<div class=\"button-container-absolute no-mobile\">\n<button class=\"button-standard\"><a href=\"casa-de-menjars\/\">Descobreix m\u00e9s<\/a><\/button>\n<\/div>\n\n<\/div>\t\t\t\t<\/div>\n\t\t\t\t<\/div>\n\t\t\t\t<\/div>\n\t\t<div class=\"elementor-element elementor-element-c9c7811 e-con-full e-flex e-con e-child\" data-id=\"c9c7811\" data-element_type=\"container\">\n\t\t\t\t<div class=\"elementor-element elementor-element-7525269 container-squares container-squares-1 elementor-widget elementor-widget-html\" data-id=\"7525269\" data-element_type=\"widget\" data-widget_type=\"html.default\">\n\t\t\t\t<div class=\"elementor-widget-container\">\n\t\t\t\t\t<div class=\"border-square position-relative\">\n<div class=\"section-title-small text-center\">Catering i celebracions<\/div>\n<div class=\"space-between-min\">&nbsp;<\/div>\n<div class=\"description-text\">Per a reunions, esdeveniments o celebracions \nespecials, oferim un servei de c\u00e0tering amb opcions \nvariades i equilibrades. Des d\u2019aperitius lleugers fins a \nmen\u00fas complets, podr\u00e0s escollir entre una \u00e0mplia \nselecci\u00f3 de plats elaborats amb ingredients frescos i de \nqualitat.  <div class=\"space-between-min\">&nbsp;<\/div>\nEns adaptem a les teves necessitats perqu\u00e8 nom\u00e9s \nhagis de gaudir.<\/div>\n    <div class=\"space-between-min\">&nbsp;<\/div>\n    \n<div class=\"text-center no-tablet no-desktop no-hdd\">\n<button class=\"button-standard\"><a href=\"catering\/\">Descobreix m\u00e9s<\/a><\/button>\n<\/div>\n\n<div class=\"button-container-absolute no-mobile\">\n<button class=\"button-standard\"><a href=\"catering\/\">Descobreix m\u00e9s<\/a><\/button>\n<\/div>\n\n<\/div>\t\t\t\t<\/div>\n\t\t\t\t<\/div>\n\t\t\t\t<\/div>\n\t\t\t\t\t<\/div>\n\t\t\t\t<\/div>\n\t\t<div class=\"elementor-element elementor-element-999e68f container-section-small back-dark-grey m-0 p-0 e-con-full e-flex e-con e-child\" data-id=\"999e68f\" data-element_type=\"container\" data-settings=\"{&quot;background_background&quot;:&quot;classic&quot;}\">\n\t\t\t\t<div class=\"elementor-element elementor-element-11fe7f5 elementor-widget elementor-widget-spacer\" data-id=\"11fe7f5\" data-element_type=\"widget\" data-widget_type=\"spacer.default\">\n\t\t\t\t<div class=\"elementor-widget-container\">\n\t\t\t\t\t\t\t<div class=\"elementor-spacer\">\n\t\t\t<div class=\"elementor-spacer-inner\"><\/div>\n\t\t<\/div>\n\t\t\t\t\t\t<\/div>\n\t\t\t\t<\/div>\n\t\t\t\t<\/div>\n\t\t<div class=\"elementor-element elementor-element-1497fd9 container-section-small back-dark-grey m-0 p-0 no-desktop no-hdd e-con-full e-flex e-con e-child\" data-id=\"1497fd9\" data-element_type=\"container\" data-settings=\"{&quot;background_background&quot;:&quot;classic&quot;}\">\n\t\t\t\t<div class=\"elementor-element elementor-element-f5c3c59 elementor-widget elementor-widget-text-editor\" data-id=\"f5c3c59\" data-element_type=\"widget\" data-widget_type=\"text-editor.default\">\n\t\t\t\t<div class=\"elementor-widget-container\">\n\t\t\t\t\t\t\t\t\t<div class=\"section-title-small text-center\">Els nostres plats<\/div>\t\t\t\t\t\t\t\t<\/div>\n\t\t\t\t<\/div>\n\t\t\t\t<div class=\"elementor-element elementor-element-98ced36 elementor-widget elementor-widget-spacer\" data-id=\"98ced36\" data-element_type=\"widget\" data-widget_type=\"spacer.default\">\n\t\t\t\t<div class=\"elementor-widget-container\">\n\t\t\t\t\t\t\t<div class=\"elementor-spacer\">\n\t\t\t<div class=\"elementor-spacer-inner\"><\/div>\n\t\t<\/div>\n\t\t\t\t\t\t<\/div>\n\t\t\t\t<\/div>\n\t\t\t\t<div class=\"elementor-element elementor-element-2b83ec3 no-tablet no-desktop no-hdd slider-mobile elementor-arrows-position-inside elementor-widget elementor-widget-image-carousel\" data-id=\"2b83ec3\" data-element_type=\"widget\" data-settings=\"{&quot;slides_to_show&quot;:&quot;5&quot;,&quot;slides_to_scroll&quot;:&quot;1&quot;,&quot;navigation&quot;:&quot;arrows&quot;,&quot;slides_to_show_mobile&quot;:&quot;3&quot;,&quot;infinite&quot;:&quot;yes&quot;,&quot;speed&quot;:500}\" data-widget_type=\"image-carousel.default\">\n\t\t\t\t<div class=\"elementor-widget-container\">\n\t\t\t\t\t\t\t<div class=\"elementor-image-carousel-wrapper swiper\" role=\"region\" aria-roledescription=\"carousel\" aria-label=\"Image Carousel\" dir=\"ltr\">\n\t\t\t<div class=\"elementor-image-carousel swiper-wrapper\" aria-live=\"polite\">\n\t\t\t\t\t\t\t\t<div class=\"swiper-slide\" role=\"group\" aria-roledescription=\"slide\" aria-label=\"1 de 6\"><figure class=\"swiper-slide-inner\"><img decoding=\"async\" class=\"swiper-slide-image\" src=\"http:\/\/95.217.188.178\/la-comtal\/wp-content\/uploads\/2025\/05\/imatge-nostres-plats-1-150x150.png\" alt=\"imatge nostres plats 1\" \/><\/figure><\/div><div class=\"swiper-slide\" role=\"group\" aria-roledescription=\"slide\" aria-label=\"2 de 6\"><figure class=\"swiper-slide-inner\"><img decoding=\"async\" class=\"swiper-slide-image\" src=\"http:\/\/95.217.188.178\/la-comtal\/wp-content\/uploads\/2025\/05\/imatge-nostres-plats-2-150x150.png\" alt=\"imatge nostres plats 2\" \/><\/figure><\/div><div class=\"swiper-slide\" role=\"group\" aria-roledescription=\"slide\" aria-label=\"3 de 6\"><figure class=\"swiper-slide-inner\"><img decoding=\"async\" class=\"swiper-slide-image\" src=\"http:\/\/95.217.188.178\/la-comtal\/wp-content\/uploads\/2025\/05\/imatge-nostres-plats-3-150x150.png\" alt=\"imatge nostres plats 3\" \/><\/figure><\/div><div class=\"swiper-slide\" role=\"group\" aria-roledescription=\"slide\" aria-label=\"4 de 6\"><figure class=\"swiper-slide-inner\"><img decoding=\"async\" class=\"swiper-slide-image\" src=\"http:\/\/95.217.188.178\/la-comtal\/wp-content\/uploads\/2025\/05\/imatge-nostres-plats-4-150x150.png\" alt=\"imatge nostres plats 4\" \/><\/figure><\/div><div class=\"swiper-slide\" role=\"group\" aria-roledescription=\"slide\" aria-label=\"5 de 6\"><figure class=\"swiper-slide-inner\"><img decoding=\"async\" class=\"swiper-slide-image\" src=\"http:\/\/95.217.188.178\/la-comtal\/wp-content\/uploads\/2025\/05\/imatge-nostres-plats-5-150x150.png\" alt=\"imatge nostres plats 5\" \/><\/figure><\/div><div class=\"swiper-slide\" role=\"group\" aria-roledescription=\"slide\" aria-label=\"6 de 6\"><figure class=\"swiper-slide-inner\"><img decoding=\"async\" class=\"swiper-slide-image\" src=\"http:\/\/95.217.188.178\/la-comtal\/wp-content\/uploads\/2025\/05\/imatge-nostres-plats-6-150x150.png\" alt=\"imatge nostres plats 6\" \/><\/figure><\/div>\t\t\t<\/div>\n\t\t\t\t\t\t\t\t\t\t\t\t<div class=\"elementor-swiper-button elementor-swiper-button-prev\" role=\"button\" tabindex=\"0\">\n\t\t\t\t\t\t<svg aria-hidden=\"true\" class=\"e-font-icon-svg e-eicon-chevron-left\" viewBox=\"0 0 1000 1000\" xmlns=\"http:\/\/www.w3.org\/2000\/svg\"><path d=\"M646 125C629 125 613 133 604 142L308 442C296 454 292 471 292 487 292 504 296 521 308 533L604 854C617 867 629 875 646 875 663 875 679 871 692 858 704 846 713 829 713 812 713 796 708 779 692 767L438 487 692 225C700 217 708 204 708 187 708 171 704 154 692 142 675 129 663 125 646 125Z\"><\/path><\/svg>\t\t\t\t\t<\/div>\n\t\t\t\t\t<div class=\"elementor-swiper-button elementor-swiper-button-next\" role=\"button\" tabindex=\"0\">\n\t\t\t\t\t\t<svg xmlns=\"http:\/\/www.w3.org\/2000\/svg\" xmlns:xlink=\"http:\/\/www.w3.org\/1999\/xlink\" id=\"Capa_1\" x=\"0px\" y=\"0px\" viewBox=\"0 0 18.3 15.4\" style=\"enable-background:new 0 0 18.3 15.4;\" xml:space=\"preserve\"><style type=\"text\/css\"> .st0{fill:#455793;}<\/style><g> <path class=\"st0\" d=\"M14.5,6.6L9.3,1.4L10.6,0l7.7,7.7l-7.7,7.7L9.3,14l5.2-5.2H0V6.6H14.5z\"><\/path><\/g><\/svg>\t\t\t\t\t<\/div>\n\t\t\t\t\n\t\t\t\t\t\t\t\t\t<\/div>\n\t\t\t\t\t\t<\/div>\n\t\t\t\t<\/div>\n\t\t\t\t<div class=\"elementor-element elementor-element-e568616 no-mobile no-desktop no-hdd slider-tablet elementor-arrows-position-inside elementor-widget elementor-widget-image-carousel\" data-id=\"e568616\" data-element_type=\"widget\" data-settings=\"{&quot;slides_to_show&quot;:&quot;5&quot;,&quot;slides_to_scroll&quot;:&quot;1&quot;,&quot;navigation&quot;:&quot;arrows&quot;,&quot;slides_to_show_mobile&quot;:&quot;2&quot;,&quot;slides_to_show_tablet&quot;:&quot;4&quot;,&quot;infinite&quot;:&quot;yes&quot;,&quot;speed&quot;:500}\" data-widget_type=\"image-carousel.default\">\n\t\t\t\t<div class=\"elementor-widget-container\">\n\t\t\t\t\t\t\t<div class=\"elementor-image-carousel-wrapper swiper\" role=\"region\" aria-roledescription=\"carousel\" aria-label=\"Image Carousel\" dir=\"ltr\">\n\t\t\t<div class=\"elementor-image-carousel swiper-wrapper\" aria-live=\"polite\">\n\t\t\t\t\t\t\t\t<div class=\"swiper-slide\" role=\"group\" aria-roledescription=\"slide\" aria-label=\"1 de 6\"><figure class=\"swiper-slide-inner\"><img decoding=\"async\" class=\"swiper-slide-image\" src=\"http:\/\/95.217.188.178\/la-comtal\/wp-content\/uploads\/2025\/05\/imatge-nostres-plats-1-150x150.png\" alt=\"imatge nostres plats 1\" \/><\/figure><\/div><div class=\"swiper-slide\" role=\"group\" aria-roledescription=\"slide\" aria-label=\"2 de 6\"><figure class=\"swiper-slide-inner\"><img decoding=\"async\" class=\"swiper-slide-image\" src=\"http:\/\/95.217.188.178\/la-comtal\/wp-content\/uploads\/2025\/05\/imatge-nostres-plats-2-150x150.png\" alt=\"imatge nostres plats 2\" \/><\/figure><\/div><div class=\"swiper-slide\" role=\"group\" aria-roledescription=\"slide\" aria-label=\"3 de 6\"><figure class=\"swiper-slide-inner\"><img decoding=\"async\" class=\"swiper-slide-image\" src=\"http:\/\/95.217.188.178\/la-comtal\/wp-content\/uploads\/2025\/05\/imatge-nostres-plats-3-150x150.png\" alt=\"imatge nostres plats 3\" \/><\/figure><\/div><div class=\"swiper-slide\" role=\"group\" aria-roledescription=\"slide\" aria-label=\"4 de 6\"><figure class=\"swiper-slide-inner\"><img decoding=\"async\" class=\"swiper-slide-image\" src=\"http:\/\/95.217.188.178\/la-comtal\/wp-content\/uploads\/2025\/05\/imatge-nostres-plats-4-150x150.png\" alt=\"imatge nostres plats 4\" \/><\/figure><\/div><div class=\"swiper-slide\" role=\"group\" aria-roledescription=\"slide\" aria-label=\"5 de 6\"><figure class=\"swiper-slide-inner\"><img decoding=\"async\" class=\"swiper-slide-image\" src=\"http:\/\/95.217.188.178\/la-comtal\/wp-content\/uploads\/2025\/05\/imatge-nostres-plats-5-150x150.png\" alt=\"imatge nostres plats 5\" \/><\/figure><\/div><div class=\"swiper-slide\" role=\"group\" aria-roledescription=\"slide\" aria-label=\"6 de 6\"><figure class=\"swiper-slide-inner\"><img decoding=\"async\" class=\"swiper-slide-image\" src=\"http:\/\/95.217.188.178\/la-comtal\/wp-content\/uploads\/2025\/05\/imatge-nostres-plats-6-150x150.png\" alt=\"imatge nostres plats 6\" \/><\/figure><\/div>\t\t\t<\/div>\n\t\t\t\t\t\t\t\t\t\t\t\t<div class=\"elementor-swiper-button elementor-swiper-button-prev\" role=\"button\" tabindex=\"0\">\n\t\t\t\t\t\t<svg aria-hidden=\"true\" class=\"e-font-icon-svg e-eicon-chevron-left\" viewBox=\"0 0 1000 1000\" xmlns=\"http:\/\/www.w3.org\/2000\/svg\"><path d=\"M646 125C629 125 613 133 604 142L308 442C296 454 292 471 292 487 292 504 296 521 308 533L604 854C617 867 629 875 646 875 663 875 679 871 692 858 704 846 713 829 713 812 713 796 708 779 692 767L438 487 692 225C700 217 708 204 708 187 708 171 704 154 692 142 675 129 663 125 646 125Z\"><\/path><\/svg>\t\t\t\t\t<\/div>\n\t\t\t\t\t<div class=\"elementor-swiper-button elementor-swiper-button-next\" role=\"button\" tabindex=\"0\">\n\t\t\t\t\t\t<svg xmlns=\"http:\/\/www.w3.org\/2000\/svg\" xmlns:xlink=\"http:\/\/www.w3.org\/1999\/xlink\" id=\"Capa_1\" x=\"0px\" y=\"0px\" viewBox=\"0 0 18.3 15.4\" style=\"enable-background:new 0 0 18.3 15.4;\" xml:space=\"preserve\"><style type=\"text\/css\"> .st0{fill:#455793;}<\/style><g> <path class=\"st0\" d=\"M14.5,6.6L9.3,1.4L10.6,0l7.7,7.7l-7.7,7.7L9.3,14l5.2-5.2H0V6.6H14.5z\"><\/path><\/g><\/svg>\t\t\t\t\t<\/div>\n\t\t\t\t\n\t\t\t\t\t\t\t\t\t<\/div>\n\t\t\t\t\t\t<\/div>\n\t\t\t\t<\/div>\n\t\t\t\t<\/div>\n\t\t<div class=\"elementor-element elementor-element-16f7ec7 container-section-small back-dark-grey m-0 p-0 no-mobile no-tablet slider-home e-con-full e-flex e-con e-child\" data-id=\"16f7ec7\" data-element_type=\"container\" data-settings=\"{&quot;background_background&quot;:&quot;classic&quot;,&quot;position&quot;:&quot;absolute&quot;}\">\n\t\t\t\t<div class=\"elementor-element elementor-element-befede0 elementor-widget elementor-widget-text-editor\" data-id=\"befede0\" data-element_type=\"widget\" data-widget_type=\"text-editor.default\">\n\t\t\t\t<div class=\"elementor-widget-container\">\n\t\t\t\t\t\t\t\t\t<div class=\"section-title-small\">Els nostres plats<\/div>\t\t\t\t\t\t\t\t<\/div>\n\t\t\t\t<\/div>\n\t\t\t\t<div class=\"elementor-element elementor-element-04c4d58 elementor-arrows-position-inside elementor-widget elementor-widget-image-carousel\" data-id=\"04c4d58\" data-element_type=\"widget\" data-settings=\"{&quot;slides_to_show&quot;:&quot;6&quot;,&quot;slides_to_scroll&quot;:&quot;1&quot;,&quot;navigation&quot;:&quot;arrows&quot;,&quot;infinite&quot;:&quot;yes&quot;,&quot;speed&quot;:500}\" data-widget_type=\"image-carousel.default\">\n\t\t\t\t<div class=\"elementor-widget-container\">\n\t\t\t\t\t\t\t<div class=\"elementor-image-carousel-wrapper swiper\" role=\"region\" aria-roledescription=\"carousel\" aria-label=\"Image Carousel\" dir=\"ltr\">\n\t\t\t<div class=\"elementor-image-carousel swiper-wrapper\" aria-live=\"polite\">\n\t\t\t\t\t\t\t\t<div class=\"swiper-slide\" role=\"group\" aria-roledescription=\"slide\" aria-label=\"1 de 6\"><a data-elementor-open-lightbox=\"yes\" data-elementor-lightbox-slideshow=\"04c4d58\" data-elementor-lightbox-title=\"imatge nostres plats 1\" data-e-action-hash=\"#elementor-action%3Aaction%3Dlightbox%26settings%3DeyJpZCI6NDA2NCwidXJsIjoiaHR0cDpcL1wvOTUuMjE3LjE4OC4xNzhcL2xhLWNvbXRhbFwvd3AtY29udGVudFwvdXBsb2Fkc1wvMjAyNVwvMDVcL2ltYXRnZS1ub3N0cmVzLXBsYXRzLTEucG5nIiwic2xpZGVzaG93IjoiMDRjNGQ1OCJ9\" href=\"http:\/\/95.217.188.178\/la-comtal\/casa-de-menjars\/\"><figure class=\"swiper-slide-inner\"><img decoding=\"async\" class=\"swiper-slide-image\" src=\"http:\/\/95.217.188.178\/la-comtal\/wp-content\/uploads\/2025\/05\/imatge-nostres-plats-1-150x150.png\" alt=\"imatge nostres plats 1\" \/><\/figure><\/a><\/div><div class=\"swiper-slide\" role=\"group\" aria-roledescription=\"slide\" aria-label=\"2 de 6\"><a data-elementor-open-lightbox=\"yes\" data-elementor-lightbox-slideshow=\"04c4d58\" data-elementor-lightbox-title=\"imatge nostres plats 2\" data-e-action-hash=\"#elementor-action%3Aaction%3Dlightbox%26settings%3DeyJpZCI6NDA2NSwidXJsIjoiaHR0cDpcL1wvOTUuMjE3LjE4OC4xNzhcL2xhLWNvbXRhbFwvd3AtY29udGVudFwvdXBsb2Fkc1wvMjAyNVwvMDVcL2ltYXRnZS1ub3N0cmVzLXBsYXRzLTIucG5nIiwic2xpZGVzaG93IjoiMDRjNGQ1OCJ9\" href=\"http:\/\/95.217.188.178\/la-comtal\/casa-de-menjars\/\"><figure class=\"swiper-slide-inner\"><img decoding=\"async\" class=\"swiper-slide-image\" src=\"http:\/\/95.217.188.178\/la-comtal\/wp-content\/uploads\/2025\/05\/imatge-nostres-plats-2-150x150.png\" alt=\"imatge nostres plats 2\" \/><\/figure><\/a><\/div><div class=\"swiper-slide\" role=\"group\" aria-roledescription=\"slide\" aria-label=\"3 de 6\"><a data-elementor-open-lightbox=\"yes\" data-elementor-lightbox-slideshow=\"04c4d58\" data-elementor-lightbox-title=\"imatge nostres plats 3\" data-e-action-hash=\"#elementor-action%3Aaction%3Dlightbox%26settings%3DeyJpZCI6NDA2NiwidXJsIjoiaHR0cDpcL1wvOTUuMjE3LjE4OC4xNzhcL2xhLWNvbXRhbFwvd3AtY29udGVudFwvdXBsb2Fkc1wvMjAyNVwvMDVcL2ltYXRnZS1ub3N0cmVzLXBsYXRzLTMucG5nIiwic2xpZGVzaG93IjoiMDRjNGQ1OCJ9\" href=\"http:\/\/95.217.188.178\/la-comtal\/casa-de-menjars\/\"><figure class=\"swiper-slide-inner\"><img decoding=\"async\" class=\"swiper-slide-image\" src=\"http:\/\/95.217.188.178\/la-comtal\/wp-content\/uploads\/2025\/05\/imatge-nostres-plats-3-150x150.png\" alt=\"imatge nostres plats 3\" \/><\/figure><\/a><\/div><div class=\"swiper-slide\" role=\"group\" aria-roledescription=\"slide\" aria-label=\"4 de 6\"><a data-elementor-open-lightbox=\"yes\" data-elementor-lightbox-slideshow=\"04c4d58\" data-elementor-lightbox-title=\"imatge nostres plats 4\" data-e-action-hash=\"#elementor-action%3Aaction%3Dlightbox%26settings%3DeyJpZCI6NDA2NywidXJsIjoiaHR0cDpcL1wvOTUuMjE3LjE4OC4xNzhcL2xhLWNvbXRhbFwvd3AtY29udGVudFwvdXBsb2Fkc1wvMjAyNVwvMDVcL2ltYXRnZS1ub3N0cmVzLXBsYXRzLTQucG5nIiwic2xpZGVzaG93IjoiMDRjNGQ1OCJ9\" href=\"http:\/\/95.217.188.178\/la-comtal\/casa-de-menjars\/\"><figure class=\"swiper-slide-inner\"><img decoding=\"async\" class=\"swiper-slide-image\" src=\"http:\/\/95.217.188.178\/la-comtal\/wp-content\/uploads\/2025\/05\/imatge-nostres-plats-4-150x150.png\" alt=\"imatge nostres plats 4\" \/><\/figure><\/a><\/div><div class=\"swiper-slide\" role=\"group\" aria-roledescription=\"slide\" aria-label=\"5 de 6\"><a data-elementor-open-lightbox=\"yes\" data-elementor-lightbox-slideshow=\"04c4d58\" data-elementor-lightbox-title=\"imatge nostres plats 5\" data-e-action-hash=\"#elementor-action%3Aaction%3Dlightbox%26settings%3DeyJpZCI6NDA2OCwidXJsIjoiaHR0cDpcL1wvOTUuMjE3LjE4OC4xNzhcL2xhLWNvbXRhbFwvd3AtY29udGVudFwvdXBsb2Fkc1wvMjAyNVwvMDVcL2ltYXRnZS1ub3N0cmVzLXBsYXRzLTUucG5nIiwic2xpZGVzaG93IjoiMDRjNGQ1OCJ9\" href=\"http:\/\/95.217.188.178\/la-comtal\/casa-de-menjars\/\"><figure class=\"swiper-slide-inner\"><img decoding=\"async\" class=\"swiper-slide-image\" src=\"http:\/\/95.217.188.178\/la-comtal\/wp-content\/uploads\/2025\/05\/imatge-nostres-plats-5-150x150.png\" alt=\"imatge nostres plats 5\" \/><\/figure><\/a><\/div><div class=\"swiper-slide\" role=\"group\" aria-roledescription=\"slide\" aria-label=\"6 de 6\"><a data-elementor-open-lightbox=\"yes\" data-elementor-lightbox-slideshow=\"04c4d58\" data-elementor-lightbox-title=\"imatge nostres plats 6\" data-e-action-hash=\"#elementor-action%3Aaction%3Dlightbox%26settings%3DeyJpZCI6NDA2OSwidXJsIjoiaHR0cDpcL1wvOTUuMjE3LjE4OC4xNzhcL2xhLWNvbXRhbFwvd3AtY29udGVudFwvdXBsb2Fkc1wvMjAyNVwvMDVcL2ltYXRnZS1ub3N0cmVzLXBsYXRzLTYucG5nIiwic2xpZGVzaG93IjoiMDRjNGQ1OCJ9\" href=\"http:\/\/95.217.188.178\/la-comtal\/casa-de-menjars\/\"><figure class=\"swiper-slide-inner\"><img decoding=\"async\" class=\"swiper-slide-image\" src=\"http:\/\/95.217.188.178\/la-comtal\/wp-content\/uploads\/2025\/05\/imatge-nostres-plats-6-150x150.png\" alt=\"imatge nostres plats 6\" \/><\/figure><\/a><\/div>\t\t\t<\/div>\n\t\t\t\t\t\t\t\t\t\t\t\t<div class=\"elementor-swiper-button elementor-swiper-button-prev\" role=\"button\" tabindex=\"0\">\n\t\t\t\t\t\t<svg aria-hidden=\"true\" class=\"e-font-icon-svg e-eicon-chevron-left\" viewBox=\"0 0 1000 1000\" xmlns=\"http:\/\/www.w3.org\/2000\/svg\"><path d=\"M646 125C629 125 613 133 604 142L308 442C296 454 292 471 292 487 292 504 296 521 308 533L604 854C617 867 629 875 646 875 663 875 679 871 692 858 704 846 713 829 713 812 713 796 708 779 692 767L438 487 692 225C700 217 708 204 708 187 708 171 704 154 692 142 675 129 663 125 646 125Z\"><\/path><\/svg>\t\t\t\t\t<\/div>\n\t\t\t\t\t<div class=\"elementor-swiper-button elementor-swiper-button-next\" role=\"button\" tabindex=\"0\">\n\t\t\t\t\t\t<svg xmlns=\"http:\/\/www.w3.org\/2000\/svg\" xmlns:xlink=\"http:\/\/www.w3.org\/1999\/xlink\" id=\"Capa_1\" x=\"0px\" y=\"0px\" viewBox=\"0 0 18.3 15.4\" style=\"enable-background:new 0 0 18.3 15.4;\" xml:space=\"preserve\"><style type=\"text\/css\"> .st0{fill:#455793;}<\/style><g> <path class=\"st0\" d=\"M14.5,6.6L9.3,1.4L10.6,0l7.7,7.7l-7.7,7.7L9.3,14l5.2-5.2H0V6.6H14.5z\"><\/path><\/g><\/svg>\t\t\t\t\t<\/div>\n\t\t\t\t\n\t\t\t\t\t\t\t\t\t<\/div>\n\t\t\t\t\t\t<\/div>\n\t\t\t\t<\/div>\n\t\t\t\t<\/div>\n\t\t\t\t<\/div>\n\t\t<div class=\"elementor-element elementor-element-f4e1466 container-section-small e-flex e-con-boxed e-con e-parent\" data-id=\"f4e1466\" data-element_type=\"container\" data-settings=\"{&quot;background_background&quot;:&quot;classic&quot;}\">\n\t\t\t\t\t<div class=\"e-con-inner\">\n\t\t<div class=\"elementor-element elementor-element-fb58c6d e-con-full border0-mobile e-flex e-con e-child\" data-id=\"fb58c6d\" data-element_type=\"container\">\n\t\t\t\t<div class=\"elementor-element elementor-element-677d039 elementor-widget elementor-widget-html\" data-id=\"677d039\" data-element_type=\"widget\" data-widget_type=\"html.default\">\n\t\t\t\t<div class=\"elementor-widget-container\">\n\t\t\t\t\t <div class=\"space-between-half\">&nbsp;<\/div>\n<div class=\"section-title-small text-center\">Del poble<\/div>\n<div class=\"space-between-min\">&nbsp;<\/div>\n<div class=\"description-text\"> La Comtal \u00e9s un projecte nascut i arrelat al cor de \nSant Andreu. Agafem el nostre nom i fins i tot ens \nCatering i celebracions\n Per a reunions, esdeveniments o celebracions \nespecials, oferim un servei de c\u00e0tering amb opcions \nvariades i equilibrades. Des d\u2019aperitius lleugers fins a \nmen\u00fas complets, podr\u00e0s escollir entre una \u00e0mplia \nselecci\u00f3 de plats elaborats amb ingredients frescos i de \nqualitat. \nEns adaptem a les teves necessitats perqu\u00e8 nom\u00e9s \nhagis de gaudir.\n Descobreix m\u00e9s\n atrevim a inspirar-nos en la c\u00fapula de l'esgl\u00e9sia per \nconvertir-la en la tapa d'olla del nostre logotip. <div class=\"space-between-min\">&nbsp;<\/div>\nVisca Sant Andreu, visca el nostre poble!!!!<\/div>\n    <div class=\"space-between-min\">&nbsp;<\/div>\n    \n<div class=\"text-center\">\n<button class=\"button-standard\"><a href=\"del-poble\/\">Descobreix m\u00e9s<\/a><\/button>\n<\/div>\n  <div class=\"space-between-half\">&nbsp;<\/div>\t\t\t\t<\/div>\n\t\t\t\t<\/div>\n\t\t\t\t<div class=\"elementor-element elementor-element-aab8b8f elementor-widget elementor-widget-image\" data-id=\"aab8b8f\" data-element_type=\"widget\" data-widget_type=\"image.default\">\n\t\t\t\t<div class=\"elementor-widget-container\">\n\t\t\t\t\t\t\t\t\t\t\t\t\t\t\t<img fetchpriority=\"high\" decoding=\"async\" width=\"800\" height=\"542\" src=\"http:\/\/95.217.188.178\/la-comtal\/wp-content\/uploads\/2025\/04\/sant-andreu-62-1024x694.png\" class=\"attachment-large size-large wp-image-2804\" alt=\"\" srcset=\"http:\/\/95.217.188.178\/la-comtal\/wp-content\/uploads\/2025\/04\/sant-andreu-62-1024x694.png 1024w, http:\/\/95.217.188.178\/la-comtal\/wp-content\/uploads\/2025\/04\/sant-andreu-62-300x203.png 300w, http:\/\/95.217.188.178\/la-comtal\/wp-content\/uploads\/2025\/04\/sant-andreu-62-768x520.png 768w, http:\/\/95.217.188.178\/la-comtal\/wp-content\/uploads\/2025\/04\/sant-andreu-62-600x407.png 600w, http:\/\/95.217.188.178\/la-comtal\/wp-content\/uploads\/2025\/04\/sant-andreu-62.png 1290w\" sizes=\"(max-width: 800px) 100vw, 800px\" \/>\t\t\t\t\t\t\t\t\t\t\t\t\t\t\t<\/div>\n\t\t\t\t<\/div>\n\t\t\t\t<\/div>\n\t\t<div class=\"elementor-element elementor-element-bf32d0f e-con-full no-desktop no-hdd e-flex e-con e-child\" data-id=\"bf32d0f\" data-element_type=\"container\" data-settings=\"{&quot;background_background&quot;:&quot;classic&quot;}\">\n\t\t\t\t<div class=\"elementor-element elementor-element-7be988f elementor-widget elementor-widget-spacer\" data-id=\"7be988f\" data-element_type=\"widget\" data-widget_type=\"spacer.default\">\n\t\t\t\t<div class=\"elementor-widget-container\">\n\t\t\t\t\t\t\t<div class=\"elementor-spacer\">\n\t\t\t<div class=\"elementor-spacer-inner\"><\/div>\n\t\t<\/div>\n\t\t\t\t\t\t<\/div>\n\t\t\t\t<\/div>\n\t\t\t\t<div class=\"elementor-element elementor-element-d71f3ec elementor-widget elementor-widget-image\" data-id=\"d71f3ec\" data-element_type=\"widget\" data-widget_type=\"image.default\">\n\t\t\t\t<div class=\"elementor-widget-container\">\n\t\t\t\t\t\t\t\t\t\t\t\t\t\t\t<img decoding=\"async\" width=\"800\" height=\"762\" src=\"http:\/\/95.217.188.178\/la-comtal\/wp-content\/uploads\/2025\/06\/Compromis_alternatiu-1024x975.png\" class=\"attachment-large size-large wp-image-5552\" alt=\"\" srcset=\"http:\/\/95.217.188.178\/la-comtal\/wp-content\/uploads\/2025\/06\/Compromis_alternatiu-1024x975.png 1024w, http:\/\/95.217.188.178\/la-comtal\/wp-content\/uploads\/2025\/06\/Compromis_alternatiu-300x286.png 300w, http:\/\/95.217.188.178\/la-comtal\/wp-content\/uploads\/2025\/06\/Compromis_alternatiu-768x731.png 768w, http:\/\/95.217.188.178\/la-comtal\/wp-content\/uploads\/2025\/06\/Compromis_alternatiu-600x571.png 600w, http:\/\/95.217.188.178\/la-comtal\/wp-content\/uploads\/2025\/06\/Compromis_alternatiu.png 1145w\" sizes=\"(max-width: 800px) 100vw, 800px\" \/>\t\t\t\t\t\t\t\t\t\t\t\t\t\t\t<\/div>\n\t\t\t\t<\/div>\n\t\t\t\t<div class=\"elementor-element elementor-element-c2ee634 elementor-widget elementor-widget-html\" data-id=\"c2ee634\" data-element_type=\"widget\" data-widget_type=\"html.default\">\n\t\t\t\t<div class=\"elementor-widget-container\">\n\t\t\t\t\t <div class=\"space-between-half no-tablet\">&nbsp;<\/div>\n<div class=\"space-between-min\">&nbsp;<\/div>\n<div class=\"description-text\">Fem extensiu el nostre comprom\u00eds amb \nel planeta i amb la societat. D\u2019aquesta \nmanera minimitzem la generaci\u00f3 de \nresidus i fem servir envasos d\u2019origen \nvegetal 100% compostables. A m\u00e9s a la \nnostra botiga trobar\u00e0s productes \nsocialment responsables.<div class=\"space-between-min\">&nbsp;<\/div>\nVisca Sant Andreu, visca el nostre poble!!!!<\/div>\n    <div class=\"space-between-min\">&nbsp;<\/div>\n    \n<div class=\"text-center\">\n<button class=\"button-standard\"><a href=\"compromis\/\">Descobreix m\u00e9s<\/a><\/button>\n<\/div>\n  <div class=\"space-between-half\">&nbsp;<\/div>\t\t\t\t<\/div>\n\t\t\t\t<\/div>\n\t\t\t\t<\/div>\n\t\t<div class=\"elementor-element elementor-element-648fbfb e-con-full no-mobile no-tablet e-flex e-con e-child\" data-id=\"648fbfb\" data-element_type=\"container\" data-settings=\"{&quot;background_background&quot;:&quot;classic&quot;}\">\n\t\t\t\t<div class=\"elementor-element elementor-element-d0c4e7e elementor-widget elementor-widget-html\" data-id=\"d0c4e7e\" data-element_type=\"widget\" data-widget_type=\"html.default\">\n\t\t\t\t<div class=\"elementor-widget-container\">\n\t\t\t\t\t\n<div class=\"section-title-small text-center\"> Comprom\u00eds\n social i \nmedioambiental<\/div>\n<div class=\"space-between-min\">&nbsp;<\/div>\n<div class=\"description-text\">Fem extensiu el nostre comprom\u00eds amb \nel planeta i amb la societat. D\u2019aquesta \nmanera minimitzem la generaci\u00f3 de \nresidus i fem servir envasos d\u2019origen \nvegetal 100% compostables. A m\u00e9s a la \nnostra botiga trobar\u00e0s productes \nsocialment responsables.<div class=\"space-between-min\">&nbsp;<\/div>\nVisca Sant Andreu,<br\/> visca el nostre poble!!!!<\/div>\n    <div class=\"space-between-min\">&nbsp;<\/div>\n    \n<div class=\"text-center\">\n<button class=\"button-standard\"><a href=\"compromis\/\">Descobreix m\u00e9s<\/a><\/button>\n<\/div>\n  <div class=\"space-between-half\">&nbsp;<\/div>\t\t\t\t<\/div>\n\t\t\t\t<\/div>\n\t\t\t\t<\/div>\n\t\t\t\t\t<\/div>\n\t\t\t\t<\/div>\n\t\t<div class=\"elementor-element elementor-element-7a7bb74 container-section-small back-dark-grey m-0 p-0 e-con-full e-flex e-con e-parent\" data-id=\"7a7bb74\" data-element_type=\"container\" data-settings=\"{&quot;background_background&quot;:&quot;classic&quot;}\">\n\t\t\t\t<div class=\"elementor-element elementor-element-4a9e890 elementor-widget elementor-widget-template\" data-id=\"4a9e890\" data-element_type=\"widget\" data-widget_type=\"template.default\">\n\t\t\t\t<div class=\"elementor-widget-container\">\n\t\t\t\t\t\t\t<div class=\"elementor-template\">\n\t\t\t\t\t<div data-elementor-type=\"container\" data-elementor-id=\"2615\" class=\"elementor elementor-2615\" data-elementor-post-type=\"elementor_library\">\n\t\t\t\t<div class=\"elementor-element elementor-element-9d725ce e-con-full container-section-small e-flex e-con e-parent\" data-id=\"9d725ce\" data-element_type=\"container\" data-settings=\"{&quot;background_background&quot;:&quot;classic&quot;}\">\n\t\t<div class=\"elementor-element elementor-element-8700379 e-flex e-con-boxed e-con e-child\" data-id=\"8700379\" data-element_type=\"container\">\n\t\t\t\t\t<div class=\"e-con-inner\">\n\t\t\t\t<div class=\"elementor-element elementor-element-a86ec3c elementor-widget elementor-widget-heading\" data-id=\"a86ec3c\" data-element_type=\"widget\" data-widget_type=\"heading.default\">\n\t\t\t\t<div class=\"elementor-widget-container\">\n\t\t\t\t\t<div class=\"elementor-heading-title elementor-size-default\"><div class=\"section-title text-center\">Contacta<\/div><\/div>\t\t\t\t<\/div>\n\t\t\t\t<\/div>\n\t\t\t\t<div class=\"elementor-element elementor-element-3fb16d5 elementor-widget elementor-widget-html\" data-id=\"3fb16d5\" data-element_type=\"widget\" data-widget_type=\"html.default\">\n\t\t\t\t<div class=\"elementor-widget-container\">\n\t\t\t\t\t<div class=\"space-between-min\"><\/div>\n<div class=\"description-text text-center\">Us animem a que sempre que ho vulgueu us poseu en contacte amb nosaltres per\n    fer-nos arribar\n    els vostres suggeriments, comentaris i propostes. Si voleu encarregar alg\u00fan plat o c\u00e0tering us podeu posar en\n    contacte\n    amb nosaltres mitjan\u00e7ant el tel\u00e8fon: <a href=\"tel:931180189\">931 180 189<\/a>, o omplint el formulari\n    <div class=\"space-between-min\"><\/div><\/div>\n    <div class=\"text-center\">\n        <button class=\"button-standard\"><a href=\"contacte\/\">Contacta'ns<\/a><\/button>\n    <\/div>\n\t\t\t\t<\/div>\n\t\t\t\t<\/div>\n\t\t\t\t\t<\/div>\n\t\t\t\t<\/div>\n\t\t\t\t<\/div>\n\t\t\t\t<\/div>\n\t\t\t\t<\/div>\n\t\t\t\t\t\t<\/div>\n\t\t\t\t<\/div>\n\t\t\t\t<\/div>\n\t\t\t\t<\/div>\n\t\t","protected":false},"excerpt":{"rendered":"<p>931 180 189 Menjar bo&#8230; BO! &nbsp; Menjar bo&#8230; BO! \u00c9s el nostre primer i principal objectiu, oferir-vos menjar de qualitat, menjar per gaudir menjant, menjar bo i saludable de veritat! A la Comtal cuidem cada plat, cada recepta, perqu\u00e8 sigui un plaer. Per aix\u00f2, us animem a que sempre que ho vulgueu us poseu [&hellip;]<\/p>\n","protected":false},"author":1,"featured_media":0,"parent":0,"menu_order":0,"comment_status":"closed","ping_status":"closed","template":"elementor_header_footer","meta":{"_acf_changed":false,"footnotes":""},"class_list":["post-13","page","type-page","status-publish","hentry"],"acf":[],"_links":{"self":[{"href":"http:\/\/95.217.188.178\/la-comtal\/wp-json\/wp\/v2\/pages\/13","targetHints":{"allow":["GET"]}}],"collection":[{"href":"http:\/\/95.217.188.178\/la-comtal\/wp-json\/wp\/v2\/pages"}],"about":[{"href":"http:\/\/95.217.188.178\/la-comtal\/wp-json\/wp\/v2\/types\/page"}],"author":[{"embeddable":true,"href":"http:\/\/95.217.188.178\/la-comtal\/wp-json\/wp\/v2\/users\/1"}],"replies":[{"embeddable":true,"href":"http:\/\/95.217.188.178\/la-comtal\/wp-json\/wp\/v2\/comments?post=13"}],"version-history":[{"count":961,"href":"http:\/\/95.217.188.178\/la-comtal\/wp-json\/wp\/v2\/pages\/13\/revisions"}],"predecessor-version":[{"id":5708,"href":"http:\/\/95.217.188.178\/la-comtal\/wp-json\/wp\/v2\/pages\/13\/revisions\/5708"}],"wp:attachment":[{"href":"http:\/\/95.217.188.178\/la-comtal\/wp-json\/wp\/v2\/media?parent=13"}],"curies":[{"name":"wp","href":"https:\/\/api.w.org\/{rel}","templated":true}]}}